{"id":155,"date":"2025-01-15T07:23:06","date_gmt":"2025-01-15T06:23:06","guid":{"rendered":"http:\/\/pfobetk.cluster100.hosting.ovh.net\/vvd\/?page_id=155"},"modified":"2025-08-14T16:35:47","modified_gmt":"2025-08-14T14:35:47","slug":"documents","status":"publish","type":"page","link":"https:\/\/medialoha.net\/vvd\/?page_id=155","title":{"rendered":"Dans la presse"},"content":{"rendered":"\n<p>Retrouvez une s\u00e9lection de documents divers comme l&rsquo;extrait de naissance de l&rsquo;\u00e9cole Son Ha\u00ef.<\/p>\n\n\n<div class=\"foogallery foogallery-container foogallery-masonry foogallery-lightbox-foogallery fg-center fg-masonry fg-dark fg-border-thin fg-shadow-small fg-loading-bars fg-loaded-fade-in fg-hover-scale fg-captions-bottom fg-hover-fade fg-ready fg-col4\" id=\"foogallery-gallery-568\" data-foogallery=\"{&quot;item&quot;:{&quot;showCaptionTitle&quot;:true,&quot;showCaptionDescription&quot;:true},&quot;lazy&quot;:true}\" data-foogallery-lightbox=\"{&quot;thumbs&quot;:&quot;bottom&quot;,&quot;thumbsCaptions&quot;:false,&quot;thumbsBestFit&quot;:false,&quot;thumbsSmall&quot;:false,&quot;thumbsCaptionsAlign&quot;:&quot;default&quot;,&quot;info&quot;:&quot;bottom&quot;,&quot;infoVisible&quot;:true,&quot;infoOverlay&quot;:true,&quot;infoAlign&quot;:&quot;default&quot;,&quot;transition&quot;:&quot;fade&quot;,&quot;hoverButtons&quot;:false,&quot;fitMedia&quot;:false,&quot;noScrollbars&quot;:true,&quot;preserveButtonSpace&quot;:true,&quot;buttons&quot;:{&quot;fullscreen&quot;:true,&quot;info&quot;:true,&quot;thumbs&quot;:false},&quot;video&quot;:{&quot;autoPlay&quot;:true}}\" >\n\t\t<div class=\"fg-column-width\"><\/div>\n\t<div class=\"fg-gutter-width\"><\/div>\n\t\t<div class=\"fg-item fg-type-image fg-idle\"><figure class=\"fg-item-inner\"><a href=\"https:\/\/medialoha.net\/vvd\/wp-content\/uploads\/2025\/08\/pub70-la-montagne-octobre-2017.jpg\" data-caption-title=\"Octobre 2017 - article la montagne\" data-attachment-id=\"569\" data-type=\"image\" class=\"fg-thumb\"><span class=\"fg-image-wrap\"><img fetchpriority=\"high\" decoding=\"async\" title=\"Octobre 2017 - article la montagne\" width=\"250\" height=\"219\" class=\"skip-lazy fg-image\" data-src-fg=\"https:\/\/medialoha.net\/vvd\/wp-content\/uploads\/cache\/2025\/08\/pub70-la-montagne-octobre-2017\/2184016557.jpg\" src=\"data:image\/svg+xml,%3Csvg%20xmlns%3D%22http%3A%2F%2Fwww.w3.org%2F2000%2Fsvg%22%20width%3D%22250%22%20height%3D%22219%22%20viewBox%3D%220%200%20250%20219%22%3E%3C%2Fsvg%3E\" loading=\"eager\"><\/span><span class=\"fg-image-overlay\"><\/span><\/a><figcaption class=\"fg-caption\"><div class=\"fg-caption-inner\"><div class=\"fg-caption-title\">Octobre 2017 - article la montagne<\/div><\/div><\/figcaption><\/figure><div class=\"fg-loader\"><\/div><\/div><div class=\"fg-item fg-type-image fg-idle\"><figure class=\"fg-item-inner\"><a href=\"https:\/\/medialoha.net\/vvd\/wp-content\/uploads\/2025\/08\/pub69-LA-MONTAGNE-RTA-2017.jpg\" data-caption-title=\"Article La Montagne du 21 mars 2017\" data-attachment-id=\"570\" data-type=\"image\" class=\"fg-thumb\"><span class=\"fg-image-wrap\"><img decoding=\"async\" title=\"Article La Montagne du 21 mars 2017\" width=\"250\" height=\"288\" class=\"skip-lazy fg-image\" data-src-fg=\"https:\/\/medialoha.net\/vvd\/wp-content\/uploads\/cache\/2025\/08\/pub69-LA-MONTAGNE-RTA-2017\/1764573455.jpg\" src=\"data:image\/svg+xml,%3Csvg%20xmlns%3D%22http%3A%2F%2Fwww.w3.org%2F2000%2Fsvg%22%20width%3D%22250%22%20height%3D%22288%22%20viewBox%3D%220%200%20250%20288%22%3E%3C%2Fsvg%3E\" loading=\"eager\"><\/span><span class=\"fg-image-overlay\"><\/span><\/a><figcaption class=\"fg-caption\"><div class=\"fg-caption-inner\"><div class=\"fg-caption-title\">Article La Montagne du 21 mars 2017<\/div><\/div><\/figcaption><\/figure><div class=\"fg-loader\"><\/div><\/div><div class=\"fg-item fg-type-image fg-idle\"><figure class=\"fg-item-inner\"><a href=\"https:\/\/medialoha.net\/vvd\/wp-content\/uploads\/2025\/08\/pub68-STAGE-CV-CN-MARS-2017.jpg\" data-caption-title=\"Article de La Montagne du 9 mars 2017\" data-attachment-id=\"571\" data-type=\"image\" class=\"fg-thumb\"><span class=\"fg-image-wrap\"><img decoding=\"async\" title=\"Article de La Montagne du 9 mars 2017\" width=\"250\" height=\"159\" class=\"skip-lazy fg-image\" data-src-fg=\"https:\/\/medialoha.net\/vvd\/wp-content\/uploads\/cache\/2025\/08\/pub68-STAGE-CV-CN-MARS-2017\/2031826624.jpg\" src=\"data:image\/svg+xml,%3Csvg%20xmlns%3D%22http%3A%2F%2Fwww.w3.org%2F2000%2Fsvg%22%20width%3D%22250%22%20height%3D%22159%22%20viewBox%3D%220%200%20250%20159%22%3E%3C%2Fsvg%3E\" loading=\"eager\"><\/span><span class=\"fg-image-overlay\"><\/span><\/a><figcaption class=\"fg-caption\"><div class=\"fg-caption-inner\"><div class=\"fg-caption-title\">Article de La Montagne du 9 mars 2017<\/div><\/div><\/figcaption><\/figure><div class=\"fg-loader\"><\/div><\/div><div class=\"fg-item fg-type-image fg-idle\"><figure class=\"fg-item-inner\"><a href=\"https:\/\/medialoha.net\/vvd\/wp-content\/uploads\/2025\/08\/pub67-photo-beziers-2015-web.jpg\" data-caption-title=\"Article paru dans le Midi Libre.\" data-attachment-id=\"572\" data-type=\"image\" class=\"fg-thumb\"><span class=\"fg-image-wrap\"><img decoding=\"async\" title=\"Article paru dans le Midi Libre.\" width=\"250\" height=\"184\" class=\"skip-lazy fg-image\" data-src-fg=\"https:\/\/medialoha.net\/vvd\/wp-content\/uploads\/cache\/2025\/08\/pub67-photo-beziers-2015-web\/3843633949.jpg\" src=\"data:image\/svg+xml,%3Csvg%20xmlns%3D%22http%3A%2F%2Fwww.w3.org%2F2000%2Fsvg%22%20width%3D%22250%22%20height%3D%22184%22%20viewBox%3D%220%200%20250%20184%22%3E%3C%2Fsvg%3E\" loading=\"eager\"><\/span><span class=\"fg-image-overlay\"><\/span><\/a><figcaption class=\"fg-caption\"><div class=\"fg-caption-inner\"><div class=\"fg-caption-title\">Article paru dans le Midi Libre.<\/div><\/div><\/figcaption><\/figure><div class=\"fg-loader\"><\/div><\/div><div class=\"fg-item fg-type-image fg-idle\"><figure class=\"fg-item-inner\"><a href=\"https:\/\/medialoha.net\/vvd\/wp-content\/uploads\/2025\/08\/pub66-ARTICLE-LA-BOURBOULE-2015.jpg\" data-caption-title=\"Article la montagne 300415 - stage \u00e0 La Bourboule\" data-attachment-id=\"573\" data-type=\"image\" class=\"fg-thumb\"><span class=\"fg-image-wrap\"><img decoding=\"async\" title=\"Article la montagne 300415 - stage \u00e0 La Bourboule\" width=\"250\" height=\"254\" class=\"skip-lazy fg-image\" data-src-fg=\"https:\/\/medialoha.net\/vvd\/wp-content\/uploads\/cache\/2025\/08\/pub66-ARTICLE-LA-BOURBOULE-2015\/1366517289.jpg\" src=\"data:image\/svg+xml,%3Csvg%20xmlns%3D%22http%3A%2F%2Fwww.w3.org%2F2000%2Fsvg%22%20width%3D%22250%22%20height%3D%22254%22%20viewBox%3D%220%200%20250%20254%22%3E%3C%2Fsvg%3E\" loading=\"eager\"><\/span><span class=\"fg-image-overlay\"><\/span><\/a><figcaption class=\"fg-caption\"><div class=\"fg-caption-inner\"><div class=\"fg-caption-title\">Article la montagne 300415 - stage \u00e0 La Bourboule<\/div><\/div><\/figcaption><\/figure><div class=\"fg-loader\"><\/div><\/div><div class=\"fg-item fg-type-image fg-idle\"><figure class=\"fg-item-inner\"><a href=\"https:\/\/medialoha.net\/vvd\/wp-content\/uploads\/2025\/08\/pub65-la-montagne-260315.jpg\" data-caption-title=\"Article la montagne 260315\" data-attachment-id=\"574\" data-type=\"image\" class=\"fg-thumb\"><span class=\"fg-image-wrap\"><img decoding=\"async\" title=\"Article la montagne 260315\" width=\"250\" height=\"286\" class=\"skip-lazy fg-image\" data-src-fg=\"https:\/\/medialoha.net\/vvd\/wp-content\/uploads\/cache\/2025\/08\/pub65-la-montagne-260315\/2594040446.jpg\" src=\"data:image\/svg+xml,%3Csvg%20xmlns%3D%22http%3A%2F%2Fwww.w3.org%2F2000%2Fsvg%22%20width%3D%22250%22%20height%3D%22286%22%20viewBox%3D%220%200%20250%20286%22%3E%3C%2Fsvg%3E\" loading=\"eager\"><\/span><span class=\"fg-image-overlay\"><\/span><\/a><figcaption class=\"fg-caption\"><div class=\"fg-caption-inner\"><div class=\"fg-caption-title\">Article la montagne 260315<\/div><\/div><\/figcaption><\/figure><div class=\"fg-loader\"><\/div><\/div><div class=\"fg-item fg-type-image fg-idle\"><figure class=\"fg-item-inner\"><a href=\"https:\/\/medialoha.net\/vvd\/wp-content\/uploads\/2025\/08\/pub64-compte-rendu-du-rta-la-mon.jpg\" data-caption-title=\"Article la montagne 230315\" data-attachment-id=\"575\" data-type=\"image\" class=\"fg-thumb\"><span class=\"fg-image-wrap\"><img decoding=\"async\" title=\"Article la montagne 230315\" width=\"250\" height=\"288\" class=\"skip-lazy fg-image\" data-src-fg=\"https:\/\/medialoha.net\/vvd\/wp-content\/uploads\/cache\/2025\/08\/pub64-compte-rendu-du-rta-la-mon\/2582563842.jpg\" src=\"data:image\/svg+xml,%3Csvg%20xmlns%3D%22http%3A%2F%2Fwww.w3.org%2F2000%2Fsvg%22%20width%3D%22250%22%20height%3D%22288%22%20viewBox%3D%220%200%20250%20288%22%3E%3C%2Fsvg%3E\" loading=\"eager\"><\/span><span class=\"fg-image-overlay\"><\/span><\/a><figcaption class=\"fg-caption\"><div class=\"fg-caption-inner\"><div class=\"fg-caption-title\">Article la montagne 230315<\/div><\/div><\/figcaption><\/figure><div class=\"fg-loader\"><\/div><\/div><div class=\"fg-item fg-type-image fg-idle\"><figure class=\"fg-item-inner\"><a href=\"https:\/\/medialoha.net\/vvd\/wp-content\/uploads\/2025\/08\/pub63-la-montagne-210315.jpg\" data-caption-title=\"Article dans la Montagne 210315\" data-attachment-id=\"576\" data-type=\"image\" class=\"fg-thumb\"><span class=\"fg-image-wrap\"><img decoding=\"async\" title=\"Article dans la Montagne 210315\" width=\"250\" height=\"385\" class=\"skip-lazy fg-image\" data-src-fg=\"https:\/\/medialoha.net\/vvd\/wp-content\/uploads\/cache\/2025\/08\/pub63-la-montagne-210315\/29674859.jpg\" src=\"data:image\/svg+xml,%3Csvg%20xmlns%3D%22http%3A%2F%2Fwww.w3.org%2F2000%2Fsvg%22%20width%3D%22250%22%20height%3D%22385%22%20viewBox%3D%220%200%20250%20385%22%3E%3C%2Fsvg%3E\" loading=\"eager\"><\/span><span class=\"fg-image-overlay\"><\/span><\/a><figcaption class=\"fg-caption\"><div class=\"fg-caption-inner\"><div class=\"fg-caption-title\">Article dans la Montagne 210315<\/div><\/div><\/figcaption><\/figure><div class=\"fg-loader\"><\/div><\/div><div class=\"fg-item fg-type-image fg-idle\"><figure class=\"fg-item-inner\"><a href=\"https:\/\/medialoha.net\/vvd\/wp-content\/uploads\/2025\/08\/pub62-il-y-a-50-ans.jpg\" data-caption-title=\"il y a 50 ans dans le journal La Montagne...\" data-attachment-id=\"577\" data-type=\"image\" class=\"fg-thumb\"><span class=\"fg-image-wrap\"><img decoding=\"async\" title=\"il y a 50 ans dans le journal La Montagne...\" width=\"250\" height=\"361\" class=\"skip-lazy fg-image\" data-src-fg=\"https:\/\/medialoha.net\/vvd\/wp-content\/uploads\/cache\/2025\/08\/pub62-il-y-a-50-ans\/2595156478.jpg\" src=\"data:image\/svg+xml,%3Csvg%20xmlns%3D%22http%3A%2F%2Fwww.w3.org%2F2000%2Fsvg%22%20width%3D%22250%22%20height%3D%22361%22%20viewBox%3D%220%200%20250%20361%22%3E%3C%2Fsvg%3E\" loading=\"eager\"><\/span><span class=\"fg-image-overlay\"><\/span><\/a><figcaption class=\"fg-caption\"><div class=\"fg-caption-inner\"><div class=\"fg-caption-title\">il y a 50 ans dans le journal La Montagne...<\/div><\/div><\/figcaption><\/figure><div class=\"fg-loader\"><\/div><\/div><div class=\"fg-item fg-type-image fg-idle\"><figure class=\"fg-item-inner\"><a href=\"https:\/\/medialoha.net\/vvd\/wp-content\/uploads\/2025\/08\/pub61-article-janv-15.jpg\" data-caption-title=\"Paru dans la montagne : lundi 260115.\" data-attachment-id=\"578\" data-type=\"image\" class=\"fg-thumb\"><span class=\"fg-image-wrap\"><img decoding=\"async\" title=\"Paru dans la montagne : lundi 260115.\" width=\"250\" height=\"230\" class=\"skip-lazy fg-image\" data-src-fg=\"https:\/\/medialoha.net\/vvd\/wp-content\/uploads\/cache\/2025\/08\/pub61-article-janv-15\/1414003082.jpg\" src=\"data:image\/svg+xml,%3Csvg%20xmlns%3D%22http%3A%2F%2Fwww.w3.org%2F2000%2Fsvg%22%20width%3D%22250%22%20height%3D%22230%22%20viewBox%3D%220%200%20250%20230%22%3E%3C%2Fsvg%3E\" loading=\"eager\"><\/span><span class=\"fg-image-overlay\"><\/span><\/a><figcaption class=\"fg-caption\"><div class=\"fg-caption-inner\"><div class=\"fg-caption-title\">Paru dans la montagne : lundi 260115.<\/div><\/div><\/figcaption><\/figure><div class=\"fg-loader\"><\/div><\/div><div class=\"fg-item fg-type-image fg-idle\"><figure class=\"fg-item-inner\"><a href=\"https:\/\/medialoha.net\/vvd\/wp-content\/uploads\/2025\/08\/pub60-la-montagne-stage-191014.jpg\" data-caption-title=\"Nils le petit fils du Ma\u00eetre surpris par le photographe.\" data-attachment-id=\"579\" data-type=\"image\" class=\"fg-thumb\"><span class=\"fg-image-wrap\"><img decoding=\"async\" title=\"Nils le petit fils du Ma\u00eetre surpris par le photographe.\" width=\"250\" height=\"199\" class=\"skip-lazy fg-image\" data-src-fg=\"https:\/\/medialoha.net\/vvd\/wp-content\/uploads\/cache\/2025\/08\/pub60-la-montagne-stage-191014\/2898050528.jpg\" src=\"data:image\/svg+xml,%3Csvg%20xmlns%3D%22http%3A%2F%2Fwww.w3.org%2F2000%2Fsvg%22%20width%3D%22250%22%20height%3D%22199%22%20viewBox%3D%220%200%20250%20199%22%3E%3C%2Fsvg%3E\" loading=\"eager\"><\/span><span class=\"fg-image-overlay\"><\/span><\/a><figcaption class=\"fg-caption\"><div class=\"fg-caption-inner\"><div class=\"fg-caption-title\">Nils le petit fils du Ma\u00eetre surpris par le photographe.<\/div><\/div><\/figcaption><\/figure><div class=\"fg-loader\"><\/div><\/div><div class=\"fg-item fg-type-image fg-idle\"><figure class=\"fg-item-inner\"><a href=\"https:\/\/medialoha.net\/vvd\/wp-content\/uploads\/2025\/08\/pub60-article-la-sem-de-1903.jpg\" data-caption-title=\"Article sur la semaine de l&#039;allier 190315\" data-attachment-id=\"580\" data-type=\"image\" class=\"fg-thumb\"><span class=\"fg-image-wrap\"><img decoding=\"async\" title=\"Article sur la semaine de l&#039;allier 190315\" width=\"250\" height=\"259\" class=\"skip-lazy fg-image\" data-src-fg=\"https:\/\/medialoha.net\/vvd\/wp-content\/uploads\/cache\/2025\/08\/pub60-article-la-sem-de-1903\/1877773035.jpg\" src=\"data:image\/svg+xml,%3Csvg%20xmlns%3D%22http%3A%2F%2Fwww.w3.org%2F2000%2Fsvg%22%20width%3D%22250%22%20height%3D%22259%22%20viewBox%3D%220%200%20250%20259%22%3E%3C%2Fsvg%3E\" loading=\"eager\"><\/span><span class=\"fg-image-overlay\"><\/span><\/a><figcaption class=\"fg-caption\"><div class=\"fg-caption-inner\"><div class=\"fg-caption-title\">Article sur la semaine de l'allier 190315<\/div><\/div><\/figcaption><\/figure><div class=\"fg-loader\"><\/div><\/div><div class=\"fg-item fg-type-image fg-idle\"><figure class=\"fg-item-inner\"><a href=\"https:\/\/medialoha.net\/vvd\/wp-content\/uploads\/2025\/08\/pub59-article-beziers.jpg\" data-caption-title=\"Midi libre - presse - sept 2014\" data-attachment-id=\"581\" data-type=\"image\" class=\"fg-thumb\"><span class=\"fg-image-wrap\"><img decoding=\"async\" title=\"Midi libre - presse - sept 2014\" width=\"250\" height=\"189\" class=\"skip-lazy fg-image\" data-src-fg=\"https:\/\/medialoha.net\/vvd\/wp-content\/uploads\/cache\/2025\/08\/pub59-article-beziers\/4206869570.jpg\" src=\"data:image\/svg+xml,%3Csvg%20xmlns%3D%22http%3A%2F%2Fwww.w3.org%2F2000%2Fsvg%22%20width%3D%22250%22%20height%3D%22189%22%20viewBox%3D%220%200%20250%20189%22%3E%3C%2Fsvg%3E\" loading=\"eager\"><\/span><span class=\"fg-image-overlay\"><\/span><\/a><figcaption class=\"fg-caption\"><div class=\"fg-caption-inner\"><div class=\"fg-caption-title\">Midi libre - presse - sept 2014<\/div><\/div><\/figcaption><\/figure><div class=\"fg-loader\"><\/div><\/div><div class=\"fg-item fg-type-image fg-idle\"><figure class=\"fg-item-inner\"><a href=\"https:\/\/medialoha.net\/vvd\/wp-content\/uploads\/2025\/08\/pub58-article-la-montagne-160914-.jpg\" data-caption-title=\"La Montagne - presse Montlu\u00e7on 09\/2014\" data-attachment-id=\"582\" data-type=\"image\" class=\"fg-thumb\"><span class=\"fg-image-wrap\"><img decoding=\"async\" title=\"La Montagne - presse Montlu\u00e7on 09\/2014\" width=\"250\" height=\"220\" class=\"skip-lazy fg-image\" data-src-fg=\"https:\/\/medialoha.net\/vvd\/wp-content\/uploads\/cache\/2025\/08\/pub58-article-la-montagne-160914-\/2273749457.jpg\" src=\"data:image\/svg+xml,%3Csvg%20xmlns%3D%22http%3A%2F%2Fwww.w3.org%2F2000%2Fsvg%22%20width%3D%22250%22%20height%3D%22220%22%20viewBox%3D%220%200%20250%20220%22%3E%3C%2Fsvg%3E\" loading=\"eager\"><\/span><span class=\"fg-image-overlay\"><\/span><\/a><figcaption class=\"fg-caption\"><div class=\"fg-caption-inner\"><div class=\"fg-caption-title\">La Montagne - presse Montlu\u00e7on 09\/2014<\/div><\/div><\/figcaption><\/figure><div class=\"fg-loader\"><\/div><\/div><div class=\"fg-item fg-type-image fg-idle\"><figure class=\"fg-item-inner\"><a href=\"https:\/\/medialoha.net\/vvd\/wp-content\/uploads\/2025\/08\/pub57-MEDAILLE2014.jpg\" data-caption-title=\"Un 14 juillet pas comme les autres.\" data-attachment-id=\"583\" data-type=\"image\" class=\"fg-thumb\"><span class=\"fg-image-wrap\"><img decoding=\"async\" title=\"Un 14 juillet pas comme les autres.\" width=\"250\" height=\"178\" class=\"skip-lazy fg-image\" data-src-fg=\"https:\/\/medialoha.net\/vvd\/wp-content\/uploads\/cache\/2025\/08\/pub57-MEDAILLE2014\/3202161982.jpg\" src=\"data:image\/svg+xml,%3Csvg%20xmlns%3D%22http%3A%2F%2Fwww.w3.org%2F2000%2Fsvg%22%20width%3D%22250%22%20height%3D%22178%22%20viewBox%3D%220%200%20250%20178%22%3E%3C%2Fsvg%3E\" loading=\"eager\"><\/span><span class=\"fg-image-overlay\"><\/span><\/a><figcaption class=\"fg-caption\"><div class=\"fg-caption-inner\"><div class=\"fg-caption-title\">Un 14 juillet pas comme les autres.<\/div><\/div><\/figcaption><\/figure><div class=\"fg-loader\"><\/div><\/div><div class=\"fg-item fg-type-image fg-idle\"><figure class=\"fg-item-inner\"><a href=\"https:\/\/medialoha.net\/vvd\/wp-content\/uploads\/2025\/08\/pub56-la-montagne-220314.jpg\" data-caption-title=\"Article la Montagne - RTA 2014\" data-attachment-id=\"584\" data-type=\"image\" class=\"fg-thumb\"><span class=\"fg-image-wrap\"><img decoding=\"async\" title=\"Article la Montagne - RTA 2014\" width=\"250\" height=\"315\" class=\"skip-lazy fg-image\" data-src-fg=\"https:\/\/medialoha.net\/vvd\/wp-content\/uploads\/cache\/2025\/08\/pub56-la-montagne-220314\/2248353936.jpg\" src=\"data:image\/svg+xml,%3Csvg%20xmlns%3D%22http%3A%2F%2Fwww.w3.org%2F2000%2Fsvg%22%20width%3D%22250%22%20height%3D%22315%22%20viewBox%3D%220%200%20250%20315%22%3E%3C%2Fsvg%3E\" loading=\"eager\"><\/span><span class=\"fg-image-overlay\"><\/span><\/a><figcaption class=\"fg-caption\"><div class=\"fg-caption-inner\"><div class=\"fg-caption-title\">Article la Montagne - RTA 2014<\/div><\/div><\/figcaption><\/figure><div class=\"fg-loader\"><\/div><\/div><div class=\"fg-item fg-type-image fg-idle\"><figure class=\"fg-item-inner\"><a href=\"https:\/\/medialoha.net\/vvd\/wp-content\/uploads\/2025\/08\/pub55-la-montagne-michel-2014.jpg\" data-caption-title=\"Article La Montagne, portrait Maitre Michel Nguyen.\" data-attachment-id=\"585\" data-type=\"image\" class=\"fg-thumb\"><span class=\"fg-image-wrap\"><img decoding=\"async\" title=\"Article La Montagne, portrait Maitre Michel Nguyen.\" width=\"250\" height=\"367\" class=\"skip-lazy fg-image\" data-src-fg=\"https:\/\/medialoha.net\/vvd\/wp-content\/uploads\/cache\/2025\/08\/pub55-la-montagne-michel-2014\/269274509.jpg\" src=\"data:image\/svg+xml,%3Csvg%20xmlns%3D%22http%3A%2F%2Fwww.w3.org%2F2000%2Fsvg%22%20width%3D%22250%22%20height%3D%22367%22%20viewBox%3D%220%200%20250%20367%22%3E%3C%2Fsvg%3E\" loading=\"eager\"><\/span><span class=\"fg-image-overlay\"><\/span><\/a><figcaption class=\"fg-caption\"><div class=\"fg-caption-inner\"><div class=\"fg-caption-title\">Article La Montagne, portrait Maitre Michel Nguyen.<\/div><\/div><\/figcaption><\/figure><div class=\"fg-loader\"><\/div><\/div><div class=\"fg-item fg-type-image fg-idle\"><figure class=\"fg-item-inner\"><a href=\"https:\/\/medialoha.net\/vvd\/wp-content\/uploads\/2025\/08\/pub54-articl-mich-montnotvil.jpg\" data-caption-title=\"Montlucon notre ville oct 2013.\" data-attachment-id=\"586\" data-type=\"image\" class=\"fg-thumb\"><span class=\"fg-image-wrap\"><img decoding=\"async\" title=\"Montlucon notre ville oct 2013.\" width=\"250\" height=\"224\" class=\"skip-lazy fg-image\" data-src-fg=\"https:\/\/medialoha.net\/vvd\/wp-content\/uploads\/cache\/2025\/08\/pub54-articl-mich-montnotvil\/3680087114.jpg\" src=\"data:image\/svg+xml,%3Csvg%20xmlns%3D%22http%3A%2F%2Fwww.w3.org%2F2000%2Fsvg%22%20width%3D%22250%22%20height%3D%22224%22%20viewBox%3D%220%200%20250%20224%22%3E%3C%2Fsvg%3E\" loading=\"eager\"><\/span><span class=\"fg-image-overlay\"><\/span><\/a><figcaption class=\"fg-caption\"><div class=\"fg-caption-inner\"><div class=\"fg-caption-title\">Montlucon notre ville oct 2013.<\/div><\/div><\/figcaption><\/figure><div class=\"fg-loader\"><\/div><\/div><div class=\"fg-item fg-type-image fg-idle\"><figure class=\"fg-item-inner\"><a href=\"https:\/\/medialoha.net\/vvd\/wp-content\/uploads\/2025\/08\/pub53-articl-cn-oct13.jpg\" data-caption-title=\"La Montagne mardi 1er oct 2013.\" data-attachment-id=\"587\" data-type=\"image\" class=\"fg-thumb\"><span class=\"fg-image-wrap\"><img decoding=\"async\" title=\"La Montagne mardi 1er oct 2013.\" width=\"250\" height=\"184\" class=\"skip-lazy fg-image\" data-src-fg=\"https:\/\/medialoha.net\/vvd\/wp-content\/uploads\/cache\/2025\/08\/pub53-articl-cn-oct13\/1938740784.jpg\" src=\"data:image\/svg+xml,%3Csvg%20xmlns%3D%22http%3A%2F%2Fwww.w3.org%2F2000%2Fsvg%22%20width%3D%22250%22%20height%3D%22184%22%20viewBox%3D%220%200%20250%20184%22%3E%3C%2Fsvg%3E\" loading=\"eager\"><\/span><span class=\"fg-image-overlay\"><\/span><\/a><figcaption class=\"fg-caption\"><div class=\"fg-caption-inner\"><div class=\"fg-caption-title\">La Montagne mardi 1er oct 2013.<\/div><\/div><\/figcaption><\/figure><div class=\"fg-loader\"><\/div><\/div><div class=\"fg-item fg-type-image fg-idle\"><figure class=\"fg-item-inner\"><a href=\"https:\/\/medialoha.net\/vvd\/wp-content\/uploads\/2025\/08\/pub52-article-rta-13.jpg\" data-caption-title=\"Article la Montagne 2013.\" data-attachment-id=\"588\" data-type=\"image\" class=\"fg-thumb\"><span class=\"fg-image-wrap\"><img decoding=\"async\" title=\"Article la Montagne 2013.\" width=\"250\" height=\"266\" class=\"skip-lazy fg-image\" data-src-fg=\"https:\/\/medialoha.net\/vvd\/wp-content\/uploads\/cache\/2025\/08\/pub52-article-rta-13\/4241773731.jpg\" src=\"data:image\/svg+xml,%3Csvg%20xmlns%3D%22http%3A%2F%2Fwww.w3.org%2F2000%2Fsvg%22%20width%3D%22250%22%20height%3D%22266%22%20viewBox%3D%220%200%20250%20266%22%3E%3C%2Fsvg%3E\" loading=\"eager\"><\/span><span class=\"fg-image-overlay\"><\/span><\/a><figcaption class=\"fg-caption\"><div class=\"fg-caption-inner\"><div class=\"fg-caption-title\">Article la Montagne 2013.<\/div><\/div><\/figcaption><\/figure><div class=\"fg-loader\"><\/div><\/div><div class=\"fg-item fg-type-image fg-idle\"><figure class=\"fg-item-inner\"><a href=\"https:\/\/medialoha.net\/vvd\/wp-content\/uploads\/2025\/08\/pub51-stage-ceyrat.jpg\" data-caption-title=\"Article La Montagne puy de d\u00f4me - stage Ceyrat.\" data-attachment-id=\"589\" data-type=\"image\" class=\"fg-thumb\"><span class=\"fg-image-wrap\"><img decoding=\"async\" title=\"Article La Montagne puy de d\u00f4me - stage Ceyrat.\" width=\"250\" height=\"182\" class=\"skip-lazy fg-image\" data-src-fg=\"https:\/\/medialoha.net\/vvd\/wp-content\/uploads\/cache\/2025\/08\/pub51-stage-ceyrat\/1546172571.jpg\" src=\"data:image\/svg+xml,%3Csvg%20xmlns%3D%22http%3A%2F%2Fwww.w3.org%2F2000%2Fsvg%22%20width%3D%22250%22%20height%3D%22182%22%20viewBox%3D%220%200%20250%20182%22%3E%3C%2Fsvg%3E\" loading=\"eager\"><\/span><span class=\"fg-image-overlay\"><\/span><\/a><figcaption class=\"fg-caption\"><div class=\"fg-caption-inner\"><div class=\"fg-caption-title\">Article La Montagne puy de d\u00f4me - stage Ceyrat.<\/div><\/div><\/figcaption><\/figure><div class=\"fg-loader\"><\/div><\/div><div class=\"fg-item fg-type-image fg-idle\"><figure class=\"fg-item-inner\"><a href=\"https:\/\/medialoha.net\/vvd\/wp-content\/uploads\/2025\/08\/pub50-article-rta-2012.jpg\" data-caption-title=\"Article La Montagne RTA 2012.\" data-attachment-id=\"590\" data-type=\"image\" class=\"fg-thumb\"><span class=\"fg-image-wrap\"><img decoding=\"async\" title=\"Article La Montagne RTA 2012.\" width=\"250\" height=\"254\" class=\"skip-lazy fg-image\" data-src-fg=\"https:\/\/medialoha.net\/vvd\/wp-content\/uploads\/cache\/2025\/08\/pub50-article-rta-2012\/3646758760.jpg\" src=\"data:image\/svg+xml,%3Csvg%20xmlns%3D%22http%3A%2F%2Fwww.w3.org%2F2000%2Fsvg%22%20width%3D%22250%22%20height%3D%22254%22%20viewBox%3D%220%200%20250%20254%22%3E%3C%2Fsvg%3E\" loading=\"eager\"><\/span><span class=\"fg-image-overlay\"><\/span><\/a><figcaption class=\"fg-caption\"><div class=\"fg-caption-inner\"><div class=\"fg-caption-title\">Article La Montagne RTA 2012.<\/div><\/div><\/figcaption><\/figure><div class=\"fg-loader\"><\/div><\/div><div class=\"fg-item fg-type-image fg-idle\"><figure class=\"fg-item-inner\"><a href=\"https:\/\/medialoha.net\/vvd\/wp-content\/uploads\/2025\/08\/pub49-article-fev-2012.jpg\" data-caption-title=\"La Montagne, parution 15-02-12, R\u00e9union CV et CN.\" data-attachment-id=\"591\" data-type=\"image\" class=\"fg-thumb\"><span class=\"fg-image-wrap\"><img decoding=\"async\" title=\"La Montagne, parution 15-02-12, R\u00e9union CV et CN.\" width=\"250\" height=\"299\" class=\"skip-lazy fg-image\" data-src-fg=\"https:\/\/medialoha.net\/vvd\/wp-content\/uploads\/cache\/2025\/08\/pub49-article-fev-2012\/286035375.jpg\" src=\"data:image\/svg+xml,%3Csvg%20xmlns%3D%22http%3A%2F%2Fwww.w3.org%2F2000%2Fsvg%22%20width%3D%22250%22%20height%3D%22299%22%20viewBox%3D%220%200%20250%20299%22%3E%3C%2Fsvg%3E\" loading=\"eager\"><\/span><span class=\"fg-image-overlay\"><\/span><\/a><figcaption class=\"fg-caption\"><div class=\"fg-caption-inner\"><div class=\"fg-caption-title\">La Montagne, parution 15-02-12, R\u00e9union CV et CN.<\/div><\/div><\/figcaption><\/figure><div class=\"fg-loader\"><\/div><\/div><div class=\"fg-item fg-type-image fg-idle\"><figure class=\"fg-item-inner\"><a href=\"https:\/\/medialoha.net\/vvd\/wp-content\/uploads\/2025\/08\/pub48-rta-2011.jpg\" data-caption-title=\"Encore un bel article de Mr Chapy.\" data-attachment-id=\"592\" data-type=\"image\" class=\"fg-thumb\"><span class=\"fg-image-wrap\"><img decoding=\"async\" title=\"Encore un bel article de Mr Chapy.\" width=\"250\" height=\"282\" class=\"skip-lazy fg-image\" data-src-fg=\"https:\/\/medialoha.net\/vvd\/wp-content\/uploads\/cache\/2025\/08\/pub48-rta-2011\/4148947789.jpg\" src=\"data:image\/svg+xml,%3Csvg%20xmlns%3D%22http%3A%2F%2Fwww.w3.org%2F2000%2Fsvg%22%20width%3D%22250%22%20height%3D%22282%22%20viewBox%3D%220%200%20250%20282%22%3E%3C%2Fsvg%3E\" loading=\"eager\"><\/span><span class=\"fg-image-overlay\"><\/span><\/a><figcaption class=\"fg-caption\"><div class=\"fg-caption-inner\"><div class=\"fg-caption-title\">Encore un bel article de Mr Chapy.<\/div><\/div><\/figcaption><\/figure><div class=\"fg-loader\"><\/div><\/div><div class=\"fg-item fg-type-image fg-idle\"><figure class=\"fg-item-inner\"><a href=\"https:\/\/medialoha.net\/vvd\/wp-content\/uploads\/2025\/08\/pub47-presse-fev-cv-cn-2011.jpg\" data-caption-title=\"Presse La Montagne f\u00e9vrier 2011.\" data-attachment-id=\"593\" data-type=\"image\" class=\"fg-thumb\"><span class=\"fg-image-wrap\"><img decoding=\"async\" title=\"Presse La Montagne f\u00e9vrier 2011.\" width=\"250\" height=\"237\" class=\"skip-lazy fg-image\" data-src-fg=\"https:\/\/medialoha.net\/vvd\/wp-content\/uploads\/cache\/2025\/08\/pub47-presse-fev-cv-cn-2011\/1942442768.jpg\" src=\"data:image\/svg+xml,%3Csvg%20xmlns%3D%22http%3A%2F%2Fwww.w3.org%2F2000%2Fsvg%22%20width%3D%22250%22%20height%3D%22237%22%20viewBox%3D%220%200%20250%20237%22%3E%3C%2Fsvg%3E\" loading=\"eager\"><\/span><span class=\"fg-image-overlay\"><\/span><\/a><figcaption class=\"fg-caption\"><div class=\"fg-caption-inner\"><div class=\"fg-caption-title\">Presse La Montagne f\u00e9vrier 2011.<\/div><\/div><\/figcaption><\/figure><div class=\"fg-loader\"><\/div><\/div><div class=\"fg-item fg-type-image fg-idle\"><figure class=\"fg-item-inner\"><a href=\"https:\/\/medialoha.net\/vvd\/wp-content\/uploads\/2025\/08\/pub46-presse-gala-athanor-2010.jpg\" data-caption-title=\"Compte rendu RTA 2010.\" data-attachment-id=\"594\" data-type=\"image\" class=\"fg-thumb\"><span class=\"fg-image-wrap\"><img decoding=\"async\" title=\"Compte rendu RTA 2010.\" width=\"250\" height=\"135\" class=\"skip-lazy fg-image\" data-src-fg=\"https:\/\/medialoha.net\/vvd\/wp-content\/uploads\/cache\/2025\/08\/pub46-presse-gala-athanor-2010\/4199966486.jpg\" src=\"data:image\/svg+xml,%3Csvg%20xmlns%3D%22http%3A%2F%2Fwww.w3.org%2F2000%2Fsvg%22%20width%3D%22250%22%20height%3D%22135%22%20viewBox%3D%220%200%20250%20135%22%3E%3C%2Fsvg%3E\" loading=\"eager\"><\/span><span class=\"fg-image-overlay\"><\/span><\/a><figcaption class=\"fg-caption\"><div class=\"fg-caption-inner\"><div class=\"fg-caption-title\">Compte rendu RTA 2010.<\/div><\/div><\/figcaption><\/figure><div class=\"fg-loader\"><\/div><\/div><div class=\"fg-item fg-type-image fg-idle\"><figure class=\"fg-item-inner\"><a href=\"https:\/\/medialoha.net\/vvd\/wp-content\/uploads\/2025\/08\/pub45-240410-article-la-montagne.jpg\" data-caption-title=\"24 avril 2010 : jean Chapy r\u00e9it\u00e8re.\" data-attachment-id=\"595\" data-type=\"image\" class=\"fg-thumb\"><span class=\"fg-image-wrap\"><img decoding=\"async\" title=\"24 avril 2010 : jean Chapy r\u00e9it\u00e8re.\" width=\"250\" height=\"245\" class=\"skip-lazy fg-image\" data-src-fg=\"https:\/\/medialoha.net\/vvd\/wp-content\/uploads\/cache\/2025\/08\/pub45-240410-article-la-montagne\/47109738.jpg\" src=\"data:image\/svg+xml,%3Csvg%20xmlns%3D%22http%3A%2F%2Fwww.w3.org%2F2000%2Fsvg%22%20width%3D%22250%22%20height%3D%22245%22%20viewBox%3D%220%200%20250%20245%22%3E%3C%2Fsvg%3E\" loading=\"eager\"><\/span><span class=\"fg-image-overlay\"><\/span><\/a><figcaption class=\"fg-caption\"><div class=\"fg-caption-inner\"><div class=\"fg-caption-title\">24 avril 2010 : jean Chapy r\u00e9it\u00e8re.<\/div><\/div><\/figcaption><\/figure><div class=\"fg-loader\"><\/div><\/div><div class=\"fg-item fg-type-image fg-idle\"><figure class=\"fg-item-inner\"><a href=\"https:\/\/medialoha.net\/vvd\/wp-content\/uploads\/2025\/08\/pub44-presse-rta-2010-la-mont.jpg\" data-caption-title=\"Jean Chapy, journaliste, raconte le Viet Vo Dao...\" data-attachment-id=\"596\" data-type=\"image\" class=\"fg-thumb\"><span class=\"fg-image-wrap\"><img decoding=\"async\" title=\"Jean Chapy, journaliste, raconte le Viet Vo Dao...\" width=\"250\" height=\"206\" class=\"skip-lazy fg-image\" data-src-fg=\"https:\/\/medialoha.net\/vvd\/wp-content\/uploads\/cache\/2025\/08\/pub44-presse-rta-2010-la-mont\/2526132341.jpg\" src=\"data:image\/svg+xml,%3Csvg%20xmlns%3D%22http%3A%2F%2Fwww.w3.org%2F2000%2Fsvg%22%20width%3D%22250%22%20height%3D%22206%22%20viewBox%3D%220%200%20250%20206%22%3E%3C%2Fsvg%3E\" loading=\"eager\"><\/span><span class=\"fg-image-overlay\"><\/span><\/a><figcaption class=\"fg-caption\"><div class=\"fg-caption-inner\"><div class=\"fg-caption-title\">Jean Chapy, journaliste, raconte le Viet Vo Dao...<\/div><\/div><\/figcaption><\/figure><div class=\"fg-loader\"><\/div><\/div><div class=\"fg-item fg-type-image fg-idle\"><figure class=\"fg-item-inner\"><a href=\"https:\/\/medialoha.net\/vvd\/wp-content\/uploads\/2025\/08\/pub43-art-avril-10-sem-allier.jpg\" data-caption-title=\"Parution semaine de l allier du 08 avril 2010.\" data-attachment-id=\"597\" data-type=\"image\" class=\"fg-thumb\"><span class=\"fg-image-wrap\"><img decoding=\"async\" title=\"Parution semaine de l allier du 08 avril 2010.\" width=\"250\" height=\"358\" class=\"skip-lazy fg-image\" data-src-fg=\"https:\/\/medialoha.net\/vvd\/wp-content\/uploads\/cache\/2025\/08\/pub43-art-avril-10-sem-allier\/1224839689.jpg\" src=\"data:image\/svg+xml,%3Csvg%20xmlns%3D%22http%3A%2F%2Fwww.w3.org%2F2000%2Fsvg%22%20width%3D%22250%22%20height%3D%22358%22%20viewBox%3D%220%200%20250%20358%22%3E%3C%2Fsvg%3E\" loading=\"eager\"><\/span><span class=\"fg-image-overlay\"><\/span><\/a><figcaption class=\"fg-caption\"><div class=\"fg-caption-inner\"><div class=\"fg-caption-title\">Parution semaine de l allier du 08 avril 2010.<\/div><\/div><\/figcaption><\/figure><div class=\"fg-loader\"><\/div><\/div><div class=\"fg-item fg-type-image fg-idle\"><figure class=\"fg-item-inner\"><a href=\"https:\/\/medialoha.net\/vvd\/wp-content\/uploads\/2025\/08\/pub42-siteRTA_2010__V2_150dpi.jpg\" data-caption-title=\"AFFICHE RTA 2010.\" data-attachment-id=\"598\" data-type=\"image\" class=\"fg-thumb\"><span class=\"fg-image-wrap\"><img decoding=\"async\" title=\"AFFICHE RTA 2010.\" width=\"250\" height=\"353\" class=\"skip-lazy fg-image\" data-src-fg=\"https:\/\/medialoha.net\/vvd\/wp-content\/uploads\/cache\/2025\/08\/pub42-siteRTA_2010__V2_150dpi\/2319124285.jpg\" src=\"data:image\/svg+xml,%3Csvg%20xmlns%3D%22http%3A%2F%2Fwww.w3.org%2F2000%2Fsvg%22%20width%3D%22250%22%20height%3D%22353%22%20viewBox%3D%220%200%20250%20353%22%3E%3C%2Fsvg%3E\" loading=\"eager\"><\/span><span class=\"fg-image-overlay\"><\/span><\/a><figcaption class=\"fg-caption\"><div class=\"fg-caption-inner\"><div class=\"fg-caption-title\">AFFICHE RTA 2010.<\/div><\/div><\/figcaption><\/figure><div class=\"fg-loader\"><\/div><\/div><div class=\"fg-item fg-type-image fg-idle\"><figure class=\"fg-item-inner\"><a href=\"https:\/\/medialoha.net\/vvd\/wp-content\/uploads\/2025\/08\/pub41-article-la-montagne-fev-10.jpg\" data-caption-title=\"Article de presse La Montagne f\u00e9v 2010.\" data-attachment-id=\"599\" data-type=\"image\" class=\"fg-thumb\"><span class=\"fg-image-wrap\"><img decoding=\"async\" title=\"Article de presse La Montagne f\u00e9v 2010.\" width=\"250\" height=\"281\" class=\"skip-lazy fg-image\" data-src-fg=\"https:\/\/medialoha.net\/vvd\/wp-content\/uploads\/cache\/2025\/08\/pub41-article-la-montagne-fev-10\/3988467469.jpg\" src=\"data:image\/svg+xml,%3Csvg%20xmlns%3D%22http%3A%2F%2Fwww.w3.org%2F2000%2Fsvg%22%20width%3D%22250%22%20height%3D%22281%22%20viewBox%3D%220%200%20250%20281%22%3E%3C%2Fsvg%3E\" loading=\"eager\"><\/span><span class=\"fg-image-overlay\"><\/span><\/a><figcaption class=\"fg-caption\"><div class=\"fg-caption-inner\"><div class=\"fg-caption-title\">Article de presse La Montagne f\u00e9v 2010.<\/div><\/div><\/figcaption><\/figure><div class=\"fg-loader\"><\/div><\/div><div class=\"fg-item fg-type-image fg-idle\"><figure class=\"fg-item-inner\"><a href=\"https:\/\/medialoha.net\/vvd\/wp-content\/uploads\/2025\/08\/pub40-article-presse-desrt-oct09.jpg\" data-caption-title=\"Article de presse La Montagne : stage d\u00e9sertines oct 2009.\" data-attachment-id=\"600\" data-type=\"image\" class=\"fg-thumb\"><span class=\"fg-image-wrap\"><img decoding=\"async\" title=\"Article de presse La Montagne : stage d\u00e9sertines oct 2009.\" width=\"250\" height=\"519\" class=\"skip-lazy fg-image\" data-src-fg=\"https:\/\/medialoha.net\/vvd\/wp-content\/uploads\/cache\/2025\/08\/pub40-article-presse-desrt-oct09\/1979362318.jpg\" src=\"data:image\/svg+xml,%3Csvg%20xmlns%3D%22http%3A%2F%2Fwww.w3.org%2F2000%2Fsvg%22%20width%3D%22250%22%20height%3D%22519%22%20viewBox%3D%220%200%20250%20519%22%3E%3C%2Fsvg%3E\" loading=\"eager\"><\/span><span class=\"fg-image-overlay\"><\/span><\/a><figcaption class=\"fg-caption\"><div class=\"fg-caption-inner\"><div class=\"fg-caption-title\">Article de presse La Montagne : stage d\u00e9sertines oct 2009.<\/div><\/div><\/figcaption><\/figure><div class=\"fg-loader\"><\/div><\/div><div class=\"fg-item fg-type-image fg-idle\"><figure class=\"fg-item-inner\"><a href=\"https:\/\/medialoha.net\/vvd\/wp-content\/uploads\/2025\/08\/pub39-article-cn-sept-09.jpg\" data-caption-title=\"1\u00e8re r\u00e9union du cercle des ceintures noires 2009\" data-attachment-id=\"601\" data-type=\"image\" class=\"fg-thumb\"><span class=\"fg-image-wrap\"><img decoding=\"async\" title=\"1\u00e8re r\u00e9union du cercle des ceintures noires 2009\" width=\"250\" height=\"134\" class=\"skip-lazy fg-image\" data-src-fg=\"https:\/\/medialoha.net\/vvd\/wp-content\/uploads\/cache\/2025\/08\/pub39-article-cn-sept-09\/4133509764.jpg\" src=\"data:image\/svg+xml,%3Csvg%20xmlns%3D%22http%3A%2F%2Fwww.w3.org%2F2000%2Fsvg%22%20width%3D%22250%22%20height%3D%22134%22%20viewBox%3D%220%200%20250%20134%22%3E%3C%2Fsvg%3E\" loading=\"eager\"><\/span><span class=\"fg-image-overlay\"><\/span><\/a><figcaption class=\"fg-caption\"><div class=\"fg-caption-inner\"><div class=\"fg-caption-title\">1\u00e8re r\u00e9union du cercle des ceintures noires 2009<\/div><\/div><\/figcaption><\/figure><div class=\"fg-loader\"><\/div><\/div><div class=\"fg-item fg-type-image fg-idle\"><figure class=\"fg-item-inner\"><a href=\"https:\/\/medialoha.net\/vvd\/wp-content\/uploads\/2025\/08\/pub38-art-la-montagne-sept-09.jpg\" data-caption-title=\"journal la montagne 180909\" data-attachment-id=\"602\" data-type=\"image\" class=\"fg-thumb\"><span class=\"fg-image-wrap\"><img decoding=\"async\" title=\"journal la montagne 180909\" width=\"250\" height=\"595\" class=\"skip-lazy fg-image\" data-src-fg=\"https:\/\/medialoha.net\/vvd\/wp-content\/uploads\/cache\/2025\/08\/pub38-art-la-montagne-sept-09\/1081531682.jpg\" src=\"data:image\/svg+xml,%3Csvg%20xmlns%3D%22http%3A%2F%2Fwww.w3.org%2F2000%2Fsvg%22%20width%3D%22250%22%20height%3D%22595%22%20viewBox%3D%220%200%20250%20595%22%3E%3C%2Fsvg%3E\" loading=\"eager\"><\/span><span class=\"fg-image-overlay\"><\/span><\/a><figcaption class=\"fg-caption\"><div class=\"fg-caption-inner\"><div class=\"fg-caption-title\">journal la montagne 180909<\/div><\/div><\/figcaption><\/figure><div class=\"fg-loader\"><\/div><\/div><div class=\"fg-item fg-type-image fg-idle\"><figure class=\"fg-item-inner\"><a href=\"https:\/\/medialoha.net\/vvd\/wp-content\/uploads\/2025\/08\/pub37-BELLAC-art-290309.jpg\" data-caption-title=\"Article de presse le populaire. Stage Bellac 29.03.09.\" data-attachment-id=\"603\" data-type=\"image\" class=\"fg-thumb\"><span class=\"fg-image-wrap\"><img decoding=\"async\" title=\"Article de presse le populaire. Stage Bellac 29.03.09.\" width=\"250\" height=\"402\" class=\"skip-lazy fg-image\" data-src-fg=\"https:\/\/medialoha.net\/vvd\/wp-content\/uploads\/cache\/2025\/08\/pub37-BELLAC-art-290309\/2792062608.jpg\" src=\"data:image\/svg+xml,%3Csvg%20xmlns%3D%22http%3A%2F%2Fwww.w3.org%2F2000%2Fsvg%22%20width%3D%22250%22%20height%3D%22402%22%20viewBox%3D%220%200%20250%20402%22%3E%3C%2Fsvg%3E\" loading=\"eager\"><\/span><span class=\"fg-image-overlay\"><\/span><\/a><figcaption class=\"fg-caption\"><div class=\"fg-caption-inner\"><div class=\"fg-caption-title\">Article de presse le populaire. Stage Bellac 29.03.09.<\/div><\/div><\/figcaption><\/figure><div class=\"fg-loader\"><\/div><\/div><div class=\"fg-item fg-type-image fg-idle\"><figure class=\"fg-item-inner\"><a href=\"https:\/\/medialoha.net\/vvd\/wp-content\/uploads\/2025\/08\/pub36-RTA_15-3-2009web.jpg\" data-caption-title=\"article la Montagne - RTA 2009\" data-attachment-id=\"604\" data-type=\"image\" class=\"fg-thumb\"><span class=\"fg-image-wrap\"><img decoding=\"async\" title=\"article la Montagne - RTA 2009\" width=\"250\" height=\"185\" class=\"skip-lazy fg-image\" data-src-fg=\"https:\/\/medialoha.net\/vvd\/wp-content\/uploads\/cache\/2025\/08\/pub36-RTA_15-3-2009web\/2334063326.jpg\" src=\"data:image\/svg+xml,%3Csvg%20xmlns%3D%22http%3A%2F%2Fwww.w3.org%2F2000%2Fsvg%22%20width%3D%22250%22%20height%3D%22185%22%20viewBox%3D%220%200%20250%20185%22%3E%3C%2Fsvg%3E\" loading=\"eager\"><\/span><span class=\"fg-image-overlay\"><\/span><\/a><figcaption class=\"fg-caption\"><div class=\"fg-caption-inner\"><div class=\"fg-caption-title\">article la Montagne - RTA 2009<\/div><\/div><\/figcaption><\/figure><div class=\"fg-loader\"><\/div><\/div><div class=\"fg-item fg-type-image fg-idle\"><figure class=\"fg-item-inner\"><a href=\"https:\/\/medialoha.net\/vvd\/wp-content\/uploads\/2025\/08\/pub35-art-ste-feyre-0209.jpg\" data-caption-title=\"D\u00e9monstration Ste Feyre. F\u00e9vrier 2009.\" data-attachment-id=\"605\" data-type=\"image\" class=\"fg-thumb\"><span class=\"fg-image-wrap\"><img decoding=\"async\" title=\"D\u00e9monstration Ste Feyre. F\u00e9vrier 2009.\" width=\"250\" height=\"188\" class=\"skip-lazy fg-image\" data-src-fg=\"https:\/\/medialoha.net\/vvd\/wp-content\/uploads\/cache\/2025\/08\/pub35-art-ste-feyre-0209\/2012959409.jpg\" src=\"data:image\/svg+xml,%3Csvg%20xmlns%3D%22http%3A%2F%2Fwww.w3.org%2F2000%2Fsvg%22%20width%3D%22250%22%20height%3D%22188%22%20viewBox%3D%220%200%20250%20188%22%3E%3C%2Fsvg%3E\" loading=\"eager\"><\/span><span class=\"fg-image-overlay\"><\/span><\/a><figcaption class=\"fg-caption\"><div class=\"fg-caption-inner\"><div class=\"fg-caption-title\">D\u00e9monstration Ste Feyre. F\u00e9vrier 2009.<\/div><\/div><\/figcaption><\/figure><div class=\"fg-loader\"><\/div><\/div><div class=\"fg-item fg-type-image fg-idle\"><figure class=\"fg-item-inner\"><a href=\"https:\/\/medialoha.net\/vvd\/wp-content\/uploads\/2025\/08\/pub34-article-nov-2008.jpg\" data-caption-title=\"Article de presse La Montagne : CV + CN dimanche 16 nov 2008.\" data-attachment-id=\"606\" data-type=\"image\" class=\"fg-thumb\"><span class=\"fg-image-wrap\"><img decoding=\"async\" title=\"Article de presse La Montagne : CV + CN dimanche 16 nov 2008.\" width=\"250\" height=\"212\" class=\"skip-lazy fg-image\" data-src-fg=\"https:\/\/medialoha.net\/vvd\/wp-content\/uploads\/cache\/2025\/08\/pub34-article-nov-2008\/1403612780.jpg\" src=\"data:image\/svg+xml,%3Csvg%20xmlns%3D%22http%3A%2F%2Fwww.w3.org%2F2000%2Fsvg%22%20width%3D%22250%22%20height%3D%22212%22%20viewBox%3D%220%200%20250%20212%22%3E%3C%2Fsvg%3E\" loading=\"eager\"><\/span><span class=\"fg-image-overlay\"><\/span><\/a><figcaption class=\"fg-caption\"><div class=\"fg-caption-inner\"><div class=\"fg-caption-title\">Article de presse La Montagne : CV + CN dimanche 16 nov 2008.<\/div><\/div><\/figcaption><\/figure><div class=\"fg-loader\"><\/div><\/div><div class=\"fg-item fg-type-image fg-idle\"><figure class=\"fg-item-inner\"><a href=\"https:\/\/medialoha.net\/vvd\/wp-content\/uploads\/2025\/08\/pub33-article-la-montagne-deserti.jpg\" data-caption-title=\"D\u00e9sertines oct 08 : compte rendu de stage.\" data-attachment-id=\"607\" data-type=\"image\" class=\"fg-thumb\"><span class=\"fg-image-wrap\"><img decoding=\"async\" title=\"D\u00e9sertines oct 08 : compte rendu de stage.\" width=\"250\" height=\"286\" class=\"skip-lazy fg-image\" data-src-fg=\"https:\/\/medialoha.net\/vvd\/wp-content\/uploads\/cache\/2025\/08\/pub33-article-la-montagne-deserti\/2343463902.jpg\" src=\"data:image\/svg+xml,%3Csvg%20xmlns%3D%22http%3A%2F%2Fwww.w3.org%2F2000%2Fsvg%22%20width%3D%22250%22%20height%3D%22286%22%20viewBox%3D%220%200%20250%20286%22%3E%3C%2Fsvg%3E\" loading=\"eager\"><\/span><span class=\"fg-image-overlay\"><\/span><\/a><figcaption class=\"fg-caption\"><div class=\"fg-caption-inner\"><div class=\"fg-caption-title\">D\u00e9sertines oct 08 : compte rendu de stage.<\/div><\/div><\/figcaption><\/figure><div class=\"fg-loader\"><\/div><\/div><div class=\"fg-item fg-type-image fg-idle\"><figure class=\"fg-item-inner\"><a href=\"https:\/\/medialoha.net\/vvd\/wp-content\/uploads\/2025\/08\/pub32-preparation-rta-2008.jpg\" data-caption-title=\"Article Gala 2008.\" data-attachment-id=\"608\" data-type=\"image\" class=\"fg-thumb\"><span class=\"fg-image-wrap\"><img decoding=\"async\" title=\"Article Gala 2008.\" width=\"250\" height=\"434\" class=\"skip-lazy fg-image\" data-src-fg=\"https:\/\/medialoha.net\/vvd\/wp-content\/uploads\/cache\/2025\/08\/pub32-preparation-rta-2008\/2182237587.jpg\" src=\"data:image\/svg+xml,%3Csvg%20xmlns%3D%22http%3A%2F%2Fwww.w3.org%2F2000%2Fsvg%22%20width%3D%22250%22%20height%3D%22434%22%20viewBox%3D%220%200%20250%20434%22%3E%3C%2Fsvg%3E\" loading=\"eager\"><\/span><span class=\"fg-image-overlay\"><\/span><\/a><figcaption class=\"fg-caption\"><div class=\"fg-caption-inner\"><div class=\"fg-caption-title\">Article Gala 2008.<\/div><\/div><\/figcaption><\/figure><div class=\"fg-loader\"><\/div><\/div><div class=\"fg-item fg-type-image fg-idle\"><figure class=\"fg-item-inner\"><a href=\"https:\/\/medialoha.net\/vvd\/wp-content\/uploads\/2025\/08\/pub31-article-prepa-rta-2008.jpg\" data-caption-title=\"Pr\u00e9paration du R.T.A 2008\" data-attachment-id=\"609\" data-type=\"image\" class=\"fg-thumb\"><span class=\"fg-image-wrap\"><img decoding=\"async\" title=\"Pr\u00e9paration du R.T.A 2008\" width=\"250\" height=\"203\" class=\"skip-lazy fg-image\" data-src-fg=\"https:\/\/medialoha.net\/vvd\/wp-content\/uploads\/cache\/2025\/08\/pub31-article-prepa-rta-2008\/2341430554.jpg\" src=\"data:image\/svg+xml,%3Csvg%20xmlns%3D%22http%3A%2F%2Fwww.w3.org%2F2000%2Fsvg%22%20width%3D%22250%22%20height%3D%22203%22%20viewBox%3D%220%200%20250%20203%22%3E%3C%2Fsvg%3E\" loading=\"eager\"><\/span><span class=\"fg-image-overlay\"><\/span><\/a><figcaption class=\"fg-caption\"><div class=\"fg-caption-inner\"><div class=\"fg-caption-title\">Pr\u00e9paration du R.T.A 2008<\/div><\/div><\/figcaption><\/figure><div class=\"fg-loader\"><\/div><\/div><div class=\"fg-item fg-type-image fg-idle\"><figure class=\"fg-item-inner\"><a href=\"https:\/\/medialoha.net\/vvd\/wp-content\/uploads\/2025\/08\/pub30-texte-journal-fev.jpg\" data-caption-title=\"Journal R\u00e9gional 13\/02\/08\" data-attachment-id=\"610\" data-type=\"image\" class=\"fg-thumb\"><span class=\"fg-image-wrap\"><img decoding=\"async\" title=\"Journal R\u00e9gional 13\/02\/08\" width=\"250\" height=\"226\" class=\"skip-lazy fg-image\" data-src-fg=\"https:\/\/medialoha.net\/vvd\/wp-content\/uploads\/cache\/2025\/08\/pub30-texte-journal-fev\/2183992224.jpg\" src=\"data:image\/svg+xml,%3Csvg%20xmlns%3D%22http%3A%2F%2Fwww.w3.org%2F2000%2Fsvg%22%20width%3D%22250%22%20height%3D%22226%22%20viewBox%3D%220%200%20250%20226%22%3E%3C%2Fsvg%3E\" loading=\"eager\"><\/span><span class=\"fg-image-overlay\"><\/span><\/a><figcaption class=\"fg-caption\"><div class=\"fg-caption-inner\"><div class=\"fg-caption-title\">Journal R\u00e9gional 13\/02\/08<\/div><\/div><\/figcaption><\/figure><div class=\"fg-loader\"><\/div><\/div><div class=\"fg-item fg-type-image fg-idle\"><figure class=\"fg-item-inner\"><a href=\"https:\/\/medialoha.net\/vvd\/wp-content\/uploads\/2025\/08\/pub29-article-vichy-dec-2007.jpg\" data-caption-title=\"La Montagne - le 11 d\u00e9c 2007.\" data-attachment-id=\"611\" data-type=\"image\" class=\"fg-thumb\"><span class=\"fg-image-wrap\"><img decoding=\"async\" title=\"La Montagne - le 11 d\u00e9c 2007.\" width=\"250\" height=\"219\" class=\"skip-lazy fg-image\" data-src-fg=\"https:\/\/medialoha.net\/vvd\/wp-content\/uploads\/cache\/2025\/08\/pub29-article-vichy-dec-2007\/3912078267.jpg\" src=\"data:image\/svg+xml,%3Csvg%20xmlns%3D%22http%3A%2F%2Fwww.w3.org%2F2000%2Fsvg%22%20width%3D%22250%22%20height%3D%22219%22%20viewBox%3D%220%200%20250%20219%22%3E%3C%2Fsvg%3E\" loading=\"eager\"><\/span><span class=\"fg-image-overlay\"><\/span><\/a><figcaption class=\"fg-caption\"><div class=\"fg-caption-inner\"><div class=\"fg-caption-title\">La Montagne - le 11 d\u00e9c 2007.<\/div><\/div><\/figcaption><\/figure><div class=\"fg-loader\"><\/div><\/div><div class=\"fg-item fg-type-image fg-idle\"><figure class=\"fg-item-inner\"><a href=\"https:\/\/medialoha.net\/vvd\/wp-content\/uploads\/2025\/08\/pub28-stage-ouverture-desertines-.jpg\" data-caption-title=\"Stage ouverture octobre 2007 \u00e0 D\u00e9sertines.\" data-attachment-id=\"612\" data-type=\"image\" class=\"fg-thumb\"><span class=\"fg-image-wrap\"><img decoding=\"async\" title=\"Stage ouverture octobre 2007 \u00e0 D\u00e9sertines.\" width=\"250\" height=\"169\" class=\"skip-lazy fg-image\" data-src-fg=\"https:\/\/medialoha.net\/vvd\/wp-content\/uploads\/cache\/2025\/08\/pub28-stage-ouverture-desertines-\/3573729772.jpg\" src=\"data:image\/svg+xml,%3Csvg%20xmlns%3D%22http%3A%2F%2Fwww.w3.org%2F2000%2Fsvg%22%20width%3D%22250%22%20height%3D%22169%22%20viewBox%3D%220%200%20250%20169%22%3E%3C%2Fsvg%3E\" loading=\"eager\"><\/span><span class=\"fg-image-overlay\"><\/span><\/a><figcaption class=\"fg-caption\"><div class=\"fg-caption-inner\"><div class=\"fg-caption-title\">Stage ouverture octobre 2007 \u00e0 D\u00e9sertines.<\/div><\/div><\/figcaption><\/figure><div class=\"fg-loader\"><\/div><\/div><div class=\"fg-item fg-type-image fg-idle\"><figure class=\"fg-item-inner\"><a href=\"https:\/\/medialoha.net\/vvd\/wp-content\/uploads\/2025\/08\/pub27-PhotojournalDragon.jpgRTA-2.jpg\" data-caption-title=\"La Montagne - RTA 2007.\" data-attachment-id=\"613\" data-type=\"image\" class=\"fg-thumb\"><span class=\"fg-image-wrap\"><img decoding=\"async\" title=\"La Montagne - RTA 2007.\" width=\"250\" height=\"105\" class=\"skip-lazy fg-image\" data-src-fg=\"https:\/\/medialoha.net\/vvd\/wp-content\/uploads\/cache\/2025\/08\/pub27-PhotojournalDragon_jpgRTA-2\/1795469807.jpg\" src=\"data:image\/svg+xml,%3Csvg%20xmlns%3D%22http%3A%2F%2Fwww.w3.org%2F2000%2Fsvg%22%20width%3D%22250%22%20height%3D%22105%22%20viewBox%3D%220%200%20250%20105%22%3E%3C%2Fsvg%3E\" loading=\"eager\"><\/span><span class=\"fg-image-overlay\"><\/span><\/a><figcaption class=\"fg-caption\"><div class=\"fg-caption-inner\"><div class=\"fg-caption-title\">La Montagne - RTA 2007.<\/div><\/div><\/figcaption><\/figure><div class=\"fg-loader\"><\/div><\/div><div class=\"fg-item fg-type-image fg-idle\"><figure class=\"fg-item-inner\"><a href=\"https:\/\/medialoha.net\/vvd\/wp-content\/uploads\/2025\/08\/pub26-article-desertines-06.jpg\" data-caption-title=\"Article presse La Montagne.\" data-attachment-id=\"614\" data-type=\"image\" class=\"fg-thumb\"><span class=\"fg-image-wrap\"><img decoding=\"async\" title=\"Article presse La Montagne.\" width=\"250\" height=\"189\" class=\"skip-lazy fg-image\" data-src-fg=\"https:\/\/medialoha.net\/vvd\/wp-content\/uploads\/cache\/2025\/08\/pub26-article-desertines-06\/2747066838.jpg\" src=\"data:image\/svg+xml,%3Csvg%20xmlns%3D%22http%3A%2F%2Fwww.w3.org%2F2000%2Fsvg%22%20width%3D%22250%22%20height%3D%22189%22%20viewBox%3D%220%200%20250%20189%22%3E%3C%2Fsvg%3E\" loading=\"eager\"><\/span><span class=\"fg-image-overlay\"><\/span><\/a><figcaption class=\"fg-caption\"><div class=\"fg-caption-inner\"><div class=\"fg-caption-title\">Article presse La Montagne.<\/div><\/div><\/figcaption><\/figure><div class=\"fg-loader\"><\/div><\/div><div class=\"fg-item fg-type-image fg-idle\"><figure class=\"fg-item-inner\"><a href=\"https:\/\/medialoha.net\/vvd\/wp-content\/uploads\/2025\/08\/pub25-la-montagne-CN-240906.jpg\" data-caption-title=\"Le cercle des CN lors de la 1\u00e8re r\u00e9union\" data-attachment-id=\"615\" data-type=\"image\" class=\"fg-thumb\"><span class=\"fg-image-wrap\"><img decoding=\"async\" title=\"Le cercle des CN lors de la 1\u00e8re r\u00e9union\" width=\"250\" height=\"207\" class=\"skip-lazy fg-image\" data-src-fg=\"https:\/\/medialoha.net\/vvd\/wp-content\/uploads\/cache\/2025\/08\/pub25-la-montagne-CN-240906\/3864289171.jpg\" src=\"data:image\/svg+xml,%3Csvg%20xmlns%3D%22http%3A%2F%2Fwww.w3.org%2F2000%2Fsvg%22%20width%3D%22250%22%20height%3D%22207%22%20viewBox%3D%220%200%20250%20207%22%3E%3C%2Fsvg%3E\" loading=\"eager\"><\/span><span class=\"fg-image-overlay\"><\/span><\/a><figcaption class=\"fg-caption\"><div class=\"fg-caption-inner\"><div class=\"fg-caption-title\">Le cercle des CN lors de la 1\u00e8re r\u00e9union<\/div><\/div><\/figcaption><\/figure><div class=\"fg-loader\"><\/div><\/div><div class=\"fg-item fg-type-image fg-idle\"><figure class=\"fg-item-inner\"><a href=\"https:\/\/medialoha.net\/vvd\/wp-content\/uploads\/2025\/08\/pub24-rentree-cv-2006.jpg\" data-caption-title=\"Compte rendu journal La Montagne, septembre 06.\" data-attachment-id=\"616\" data-type=\"image\" class=\"fg-thumb\"><span class=\"fg-image-wrap\"><img decoding=\"async\" title=\"Compte rendu journal La Montagne, septembre 06.\" width=\"250\" height=\"651\" class=\"skip-lazy fg-image\" data-src-fg=\"https:\/\/medialoha.net\/vvd\/wp-content\/uploads\/cache\/2025\/08\/pub24-rentree-cv-2006\/1156833681.jpg\" src=\"data:image\/svg+xml,%3Csvg%20xmlns%3D%22http%3A%2F%2Fwww.w3.org%2F2000%2Fsvg%22%20width%3D%22250%22%20height%3D%22651%22%20viewBox%3D%220%200%20250%20651%22%3E%3C%2Fsvg%3E\" loading=\"eager\"><\/span><span class=\"fg-image-overlay\"><\/span><\/a><figcaption class=\"fg-caption\"><div class=\"fg-caption-inner\"><div class=\"fg-caption-title\">Compte rendu journal La Montagne, septembre 06.<\/div><\/div><\/figcaption><\/figure><div class=\"fg-loader\"><\/div><\/div><div class=\"fg-item fg-type-image fg-idle\"><figure class=\"fg-item-inner\"><a href=\"https:\/\/medialoha.net\/vvd\/wp-content\/uploads\/2025\/08\/pub23-compte-rendu-rta.jpg\" data-caption-title=\"Compte rendu presse - La Montagne - RTA 2006.\" data-attachment-id=\"617\" data-type=\"image\" class=\"fg-thumb\"><span class=\"fg-image-wrap\"><img decoding=\"async\" title=\"Compte rendu presse - La Montagne - RTA 2006.\" width=\"250\" height=\"182\" class=\"skip-lazy fg-image\" data-src-fg=\"https:\/\/medialoha.net\/vvd\/wp-content\/uploads\/cache\/2025\/08\/pub23-compte-rendu-rta\/4118359119.jpg\" src=\"data:image\/svg+xml,%3Csvg%20xmlns%3D%22http%3A%2F%2Fwww.w3.org%2F2000%2Fsvg%22%20width%3D%22250%22%20height%3D%22182%22%20viewBox%3D%220%200%20250%20182%22%3E%3C%2Fsvg%3E\" loading=\"eager\"><\/span><span class=\"fg-image-overlay\"><\/span><\/a><figcaption class=\"fg-caption\"><div class=\"fg-caption-inner\"><div class=\"fg-caption-title\">Compte rendu presse - La Montagne - RTA 2006.<\/div><\/div><\/figcaption><\/figure><div class=\"fg-loader\"><\/div><\/div><div class=\"fg-item fg-type-image fg-idle\"><figure class=\"fg-item-inner\"><a href=\"https:\/\/medialoha.net\/vvd\/wp-content\/uploads\/2025\/08\/pub22-annonce-rta.jpg\" data-caption-title=\"2\u00e8me annonce - article La Montagne - RTA 2006.\" data-attachment-id=\"618\" data-type=\"image\" class=\"fg-thumb\"><span class=\"fg-image-wrap\"><img decoding=\"async\" title=\"2\u00e8me annonce - article La Montagne - RTA 2006.\" width=\"250\" height=\"207\" class=\"skip-lazy fg-image\" data-src-fg=\"https:\/\/medialoha.net\/vvd\/wp-content\/uploads\/cache\/2025\/08\/pub22-annonce-rta\/575975999.jpg\" src=\"data:image\/svg+xml,%3Csvg%20xmlns%3D%22http%3A%2F%2Fwww.w3.org%2F2000%2Fsvg%22%20width%3D%22250%22%20height%3D%22207%22%20viewBox%3D%220%200%20250%20207%22%3E%3C%2Fsvg%3E\" loading=\"eager\"><\/span><span class=\"fg-image-overlay\"><\/span><\/a><figcaption class=\"fg-caption\"><div class=\"fg-caption-inner\"><div class=\"fg-caption-title\">2\u00e8me annonce - article La Montagne - RTA 2006.<\/div><\/div><\/figcaption><\/figure><div class=\"fg-loader\"><\/div><\/div><div class=\"fg-item fg-type-image fg-idle\"><figure class=\"fg-item-inner\"><a href=\"https:\/\/medialoha.net\/vvd\/wp-content\/uploads\/2025\/08\/pub21-annonce-2-rta-06.jpg\" data-caption-title=\"Article la Montagne - annonce RTA 2006\" data-attachment-id=\"619\" data-type=\"image\" class=\"fg-thumb\"><span class=\"fg-image-wrap\"><img decoding=\"async\" title=\"Article la Montagne - annonce RTA 2006\" width=\"250\" height=\"168\" class=\"skip-lazy fg-image\" data-src-fg=\"https:\/\/medialoha.net\/vvd\/wp-content\/uploads\/cache\/2025\/08\/pub21-annonce-2-rta-06\/2962825444.jpg\" src=\"data:image\/svg+xml,%3Csvg%20xmlns%3D%22http%3A%2F%2Fwww.w3.org%2F2000%2Fsvg%22%20width%3D%22250%22%20height%3D%22168%22%20viewBox%3D%220%200%20250%20168%22%3E%3C%2Fsvg%3E\" loading=\"eager\"><\/span><span class=\"fg-image-overlay\"><\/span><\/a><figcaption class=\"fg-caption\"><div class=\"fg-caption-inner\"><div class=\"fg-caption-title\">Article la Montagne - annonce RTA 2006<\/div><\/div><\/figcaption><\/figure><div class=\"fg-loader\"><\/div><\/div><div class=\"fg-item fg-type-image fg-idle\"><figure class=\"fg-item-inner\"><a href=\"https:\/\/medialoha.net\/vvd\/wp-content\/uploads\/2025\/08\/pub20-ARTICLE-SESSION-CV-FEV-06-.jpg\" data-caption-title=\"En profitant de la f\u00eate du t\u00eat 2006, annonce du 15 \u00e8me RTA.\" data-attachment-id=\"620\" data-type=\"image\" class=\"fg-thumb\"><span class=\"fg-image-wrap\"><img decoding=\"async\" title=\"En profitant de la f\u00eate du t\u00eat 2006, annonce du 15 \u00e8me RTA.\" width=\"250\" height=\"254\" class=\"skip-lazy fg-image\" data-src-fg=\"https:\/\/medialoha.net\/vvd\/wp-content\/uploads\/cache\/2025\/08\/pub20-ARTICLE-SESSION-CV-FEV-06-\/2551025713.jpg\" src=\"data:image\/svg+xml,%3Csvg%20xmlns%3D%22http%3A%2F%2Fwww.w3.org%2F2000%2Fsvg%22%20width%3D%22250%22%20height%3D%22254%22%20viewBox%3D%220%200%20250%20254%22%3E%3C%2Fsvg%3E\" loading=\"eager\"><\/span><span class=\"fg-image-overlay\"><\/span><\/a><figcaption class=\"fg-caption\"><div class=\"fg-caption-inner\"><div class=\"fg-caption-title\">En profitant de la f\u00eate du t\u00eat 2006, annonce du 15 \u00e8me RTA.<\/div><\/div><\/figcaption><\/figure><div class=\"fg-loader\"><\/div><\/div><div class=\"fg-item fg-type-image fg-idle\"><figure class=\"fg-item-inner\"><a href=\"https:\/\/medialoha.net\/vvd\/wp-content\/uploads\/2025\/08\/pub19-article-dec-05-vichy.jpg\" data-caption-title=\"La Montagne : 15 d\u00e9c 2005.\" data-attachment-id=\"621\" data-type=\"image\" class=\"fg-thumb\"><span class=\"fg-image-wrap\"><img decoding=\"async\" title=\"La Montagne : 15 d\u00e9c 2005.\" width=\"250\" height=\"112\" class=\"skip-lazy fg-image\" data-src-fg=\"https:\/\/medialoha.net\/vvd\/wp-content\/uploads\/cache\/2025\/08\/pub19-article-dec-05-vichy\/1004426201.jpg\" src=\"data:image\/svg+xml,%3Csvg%20xmlns%3D%22http%3A%2F%2Fwww.w3.org%2F2000%2Fsvg%22%20width%3D%22250%22%20height%3D%22112%22%20viewBox%3D%220%200%20250%20112%22%3E%3C%2Fsvg%3E\" loading=\"eager\"><\/span><span class=\"fg-image-overlay\"><\/span><\/a><figcaption class=\"fg-caption\"><div class=\"fg-caption-inner\"><div class=\"fg-caption-title\">La Montagne : 15 d\u00e9c 2005.<\/div><\/div><\/figcaption><\/figure><div class=\"fg-loader\"><\/div><\/div><div class=\"fg-item fg-type-image fg-idle\"><figure class=\"fg-item-inner\"><a href=\"https:\/\/medialoha.net\/vvd\/wp-content\/uploads\/2025\/08\/pub18-site-article-cn-cv-1105.jpg\" data-caption-title=\"Article La Montagne sorti le 10 nov 2005. Flor\u00e9al et Philippe, les profs du bassin Montlu\u00e7onnais.\" data-attachment-id=\"622\" data-type=\"image\" class=\"fg-thumb\"><span class=\"fg-image-wrap\"><img decoding=\"async\" title=\"Article La Montagne sorti le 10 nov 2005. Flor\u00e9al et Philippe, les profs du bassin Montlu\u00e7onnais.\" width=\"250\" height=\"203\" class=\"skip-lazy fg-image\" data-src-fg=\"https:\/\/medialoha.net\/vvd\/wp-content\/uploads\/cache\/2025\/08\/pub18-site-article-cn-cv-1105\/1431818874.jpg\" src=\"data:image\/svg+xml,%3Csvg%20xmlns%3D%22http%3A%2F%2Fwww.w3.org%2F2000%2Fsvg%22%20width%3D%22250%22%20height%3D%22203%22%20viewBox%3D%220%200%20250%20203%22%3E%3C%2Fsvg%3E\" loading=\"eager\"><\/span><span class=\"fg-image-overlay\"><\/span><\/a><figcaption class=\"fg-caption\"><div class=\"fg-caption-inner\"><div class=\"fg-caption-title\">Article La Montagne sorti le 10 nov 2005. Flor\u00e9al et Philippe, les profs du bassin Montlu\u00e7onnais.<\/div><\/div><\/figcaption><\/figure><div class=\"fg-loader\"><\/div><\/div><div class=\"fg-item fg-type-image fg-idle\"><figure class=\"fg-item-inner\"><a href=\"https:\/\/medialoha.net\/vvd\/wp-content\/uploads\/2025\/08\/pub17-presse-sept-05-CN.jpg\" data-caption-title=\"Article du journal La Montagne lors de la r\u00e9union du cercle des CN.\" data-attachment-id=\"623\" data-type=\"image\" class=\"fg-thumb\"><span class=\"fg-image-wrap\"><img decoding=\"async\" title=\"Article du journal La Montagne lors de la r\u00e9union du cercle des CN.\" width=\"250\" height=\"109\" class=\"skip-lazy fg-image\" data-src-fg=\"https:\/\/medialoha.net\/vvd\/wp-content\/uploads\/cache\/2025\/08\/pub17-presse-sept-05-CN\/3404050896.jpg\" src=\"data:image\/svg+xml,%3Csvg%20xmlns%3D%22http%3A%2F%2Fwww.w3.org%2F2000%2Fsvg%22%20width%3D%22250%22%20height%3D%22109%22%20viewBox%3D%220%200%20250%20109%22%3E%3C%2Fsvg%3E\" loading=\"eager\"><\/span><span class=\"fg-image-overlay\"><\/span><\/a><figcaption class=\"fg-caption\"><div class=\"fg-caption-inner\"><div class=\"fg-caption-title\">Article du journal La Montagne lors de la r\u00e9union du cercle des CN.<\/div><\/div><\/figcaption><\/figure><div class=\"fg-loader\"><\/div><\/div><div class=\"fg-item fg-type-image fg-idle\"><figure class=\"fg-item-inner\"><a href=\"https:\/\/medialoha.net\/vvd\/wp-content\/uploads\/2025\/08\/pub16-article-de-presse-1-session.jpg\" data-caption-title=\"Article de presse La Montagne, le 07\/09\/05\" data-attachment-id=\"624\" data-type=\"image\" class=\"fg-thumb\"><span class=\"fg-image-wrap\"><img decoding=\"async\" title=\"Article de presse La Montagne, le 07\/09\/05\" width=\"250\" height=\"192\" class=\"skip-lazy fg-image\" data-src-fg=\"https:\/\/medialoha.net\/vvd\/wp-content\/uploads\/cache\/2025\/08\/pub16-article-de-presse-1-session\/274996175.jpg\" src=\"data:image\/svg+xml,%3Csvg%20xmlns%3D%22http%3A%2F%2Fwww.w3.org%2F2000%2Fsvg%22%20width%3D%22250%22%20height%3D%22192%22%20viewBox%3D%220%200%20250%20192%22%3E%3C%2Fsvg%3E\" loading=\"eager\"><\/span><span class=\"fg-image-overlay\"><\/span><\/a><figcaption class=\"fg-caption\"><div class=\"fg-caption-inner\"><div class=\"fg-caption-title\">Article de presse La Montagne, le 07\/09\/05<\/div><\/div><\/figcaption><\/figure><div class=\"fg-loader\"><\/div><\/div><div class=\"fg-item fg-type-image fg-idle\"><figure class=\"fg-item-inner\"><a href=\"https:\/\/medialoha.net\/vvd\/wp-content\/uploads\/2025\/08\/pub15-article-rjd-05.jpg\" data-caption-title=\"Les journalistes ont ressenti l&#039;importance de nos rassemblements, merci \u00e0 eux.\" data-attachment-id=\"625\" data-type=\"image\" class=\"fg-thumb\"><span class=\"fg-image-wrap\"><img decoding=\"async\" title=\"Les journalistes ont ressenti l&#039;importance de nos rassemblements, merci \u00e0 eux.\" width=\"250\" height=\"155\" class=\"skip-lazy fg-image\" data-src-fg=\"https:\/\/medialoha.net\/vvd\/wp-content\/uploads\/cache\/2025\/08\/pub15-article-rjd-05\/1272497492.jpg\" src=\"data:image\/svg+xml,%3Csvg%20xmlns%3D%22http%3A%2F%2Fwww.w3.org%2F2000%2Fsvg%22%20width%3D%22250%22%20height%3D%22155%22%20viewBox%3D%220%200%20250%20155%22%3E%3C%2Fsvg%3E\" loading=\"eager\"><\/span><span class=\"fg-image-overlay\"><\/span><\/a><figcaption class=\"fg-caption\"><div class=\"fg-caption-inner\"><div class=\"fg-caption-title\">Les journalistes ont ressenti l'importance de nos rassemblements, merci \u00e0 eux.<\/div><\/div><\/figcaption><\/figure><div class=\"fg-loader\"><\/div><\/div><div class=\"fg-item fg-type-image fg-idle\"><figure class=\"fg-item-inner\"><a href=\"https:\/\/medialoha.net\/vvd\/wp-content\/uploads\/2025\/08\/pub14-article-la-montagne-vichy-1.jpg\" data-caption-title=\"W.E Vichy 16 et 17 avril 2005\" data-attachment-id=\"626\" data-type=\"image\" class=\"fg-thumb\"><span class=\"fg-image-wrap\"><img decoding=\"async\" title=\"W.E Vichy 16 et 17 avril 2005\" width=\"250\" height=\"248\" class=\"skip-lazy fg-image\" data-src-fg=\"https:\/\/medialoha.net\/vvd\/wp-content\/uploads\/cache\/2025\/08\/pub14-article-la-montagne-vichy-1\/4054999669.jpg\" src=\"data:image\/svg+xml,%3Csvg%20xmlns%3D%22http%3A%2F%2Fwww.w3.org%2F2000%2Fsvg%22%20width%3D%22250%22%20height%3D%22248%22%20viewBox%3D%220%200%20250%20248%22%3E%3C%2Fsvg%3E\" loading=\"eager\"><\/span><span class=\"fg-image-overlay\"><\/span><\/a><figcaption class=\"fg-caption\"><div class=\"fg-caption-inner\"><div class=\"fg-caption-title\">W.E Vichy 16 et 17 avril 2005<\/div><\/div><\/figcaption><\/figure><div class=\"fg-loader\"><\/div><\/div><div class=\"fg-item fg-type-image fg-idle\"><figure class=\"fg-item-inner\"><a href=\"https:\/\/medialoha.net\/vvd\/wp-content\/uploads\/2025\/08\/pub13-apres-rta-.jpg\" data-caption-title=\"Compte rendu du RTA 2005.\" data-attachment-id=\"627\" data-type=\"image\" class=\"fg-thumb\"><span class=\"fg-image-wrap\"><img decoding=\"async\" title=\"Compte rendu du RTA 2005.\" width=\"250\" height=\"108\" class=\"skip-lazy fg-image\" data-src-fg=\"https:\/\/medialoha.net\/vvd\/wp-content\/uploads\/cache\/2025\/08\/pub13-apres-rta-\/3943789727.jpg\" src=\"data:image\/svg+xml,%3Csvg%20xmlns%3D%22http%3A%2F%2Fwww.w3.org%2F2000%2Fsvg%22%20width%3D%22250%22%20height%3D%22108%22%20viewBox%3D%220%200%20250%20108%22%3E%3C%2Fsvg%3E\" loading=\"eager\"><\/span><span class=\"fg-image-overlay\"><\/span><\/a><figcaption class=\"fg-caption\"><div class=\"fg-caption-inner\"><div class=\"fg-caption-title\">Compte rendu du RTA 2005.<\/div><\/div><\/figcaption><\/figure><div class=\"fg-loader\"><\/div><\/div><div class=\"fg-item fg-type-image fg-idle\"><figure class=\"fg-item-inner\"><a href=\"https:\/\/medialoha.net\/vvd\/wp-content\/uploads\/2025\/08\/pub12-12mars2005_article-la-monta.jpg\" data-caption-title=\"2\u00e8me annonce du RTA.\" data-attachment-id=\"628\" data-type=\"image\" class=\"fg-thumb\"><span class=\"fg-image-wrap\"><img decoding=\"async\" title=\"2\u00e8me annonce du RTA.\" width=\"250\" height=\"302\" class=\"skip-lazy fg-image\" data-src-fg=\"https:\/\/medialoha.net\/vvd\/wp-content\/uploads\/cache\/2025\/08\/pub12-12mars2005_article-la-monta\/3493736845.jpg\" src=\"data:image\/svg+xml,%3Csvg%20xmlns%3D%22http%3A%2F%2Fwww.w3.org%2F2000%2Fsvg%22%20width%3D%22250%22%20height%3D%22302%22%20viewBox%3D%220%200%20250%20302%22%3E%3C%2Fsvg%3E\" loading=\"eager\"><\/span><span class=\"fg-image-overlay\"><\/span><\/a><figcaption class=\"fg-caption\"><div class=\"fg-caption-inner\"><div class=\"fg-caption-title\">2\u00e8me annonce du RTA.<\/div><\/div><\/figcaption><\/figure><div class=\"fg-loader\"><\/div><\/div><div class=\"fg-item fg-type-image fg-idle\"><figure class=\"fg-item-inner\"><a href=\"https:\/\/medialoha.net\/vvd\/wp-content\/uploads\/2025\/08\/pub11-article-la-montagne-07mars0.jpg\" data-caption-title=\"Annonce du RTA 2005.\" data-attachment-id=\"629\" data-type=\"image\" class=\"fg-thumb\"><span class=\"fg-image-wrap\"><img decoding=\"async\" title=\"Annonce du RTA 2005.\" width=\"250\" height=\"192\" class=\"skip-lazy fg-image\" data-src-fg=\"https:\/\/medialoha.net\/vvd\/wp-content\/uploads\/cache\/2025\/08\/pub11-article-la-montagne-07mars0\/1244753545.jpg\" src=\"data:image\/svg+xml,%3Csvg%20xmlns%3D%22http%3A%2F%2Fwww.w3.org%2F2000%2Fsvg%22%20width%3D%22250%22%20height%3D%22192%22%20viewBox%3D%220%200%20250%20192%22%3E%3C%2Fsvg%3E\" loading=\"eager\"><\/span><span class=\"fg-image-overlay\"><\/span><\/a><figcaption class=\"fg-caption\"><div class=\"fg-caption-inner\"><div class=\"fg-caption-title\">Annonce du RTA 2005.<\/div><\/div><\/figcaption><\/figure><div class=\"fg-loader\"><\/div><\/div><div class=\"fg-item fg-type-image fg-idle\"><figure class=\"fg-item-inner\"><a href=\"https:\/\/medialoha.net\/vvd\/wp-content\/uploads\/2025\/08\/pub10-article-fete-du-tet-2005.jpg\" data-caption-title=\"Article paru le 14 f\u00e9vrier 2005 - La Montagne.\" data-attachment-id=\"630\" data-type=\"image\" class=\"fg-thumb\"><span class=\"fg-image-wrap\"><img decoding=\"async\" title=\"Article paru le 14 f\u00e9vrier 2005 - La Montagne.\" width=\"250\" height=\"363\" class=\"skip-lazy fg-image\" data-src-fg=\"https:\/\/medialoha.net\/vvd\/wp-content\/uploads\/cache\/2025\/08\/pub10-article-fete-du-tet-2005\/2237387864.jpg\" src=\"data:image\/svg+xml,%3Csvg%20xmlns%3D%22http%3A%2F%2Fwww.w3.org%2F2000%2Fsvg%22%20width%3D%22250%22%20height%3D%22363%22%20viewBox%3D%220%200%20250%20363%22%3E%3C%2Fsvg%3E\" loading=\"eager\"><\/span><span class=\"fg-image-overlay\"><\/span><\/a><figcaption class=\"fg-caption\"><div class=\"fg-caption-inner\"><div class=\"fg-caption-title\">Article paru le 14 f\u00e9vrier 2005 - La Montagne.<\/div><\/div><\/figcaption><\/figure><div class=\"fg-loader\"><\/div><\/div><div class=\"fg-item fg-type-image fg-idle\"><figure class=\"fg-item-inner\"><a href=\"https:\/\/medialoha.net\/vvd\/wp-content\/uploads\/2025\/08\/pub09-pub-fete-du-tet-2005-livre-.jpg\" data-caption-title=\"Annonce de la f\u00eate du t\u00eat.\" data-attachment-id=\"631\" data-type=\"image\" class=\"fg-thumb\"><span class=\"fg-image-wrap\"><img decoding=\"async\" title=\"Annonce de la f\u00eate du t\u00eat.\" width=\"250\" height=\"462\" class=\"skip-lazy fg-image\" data-src-fg=\"https:\/\/medialoha.net\/vvd\/wp-content\/uploads\/cache\/2025\/08\/pub09-pub-fete-du-tet-2005-livre-\/126046014.jpg\" src=\"data:image\/svg+xml,%3Csvg%20xmlns%3D%22http%3A%2F%2Fwww.w3.org%2F2000%2Fsvg%22%20width%3D%22250%22%20height%3D%22462%22%20viewBox%3D%220%200%20250%20462%22%3E%3C%2Fsvg%3E\" loading=\"eager\"><\/span><span class=\"fg-image-overlay\"><\/span><\/a><figcaption class=\"fg-caption\"><div class=\"fg-caption-inner\"><div class=\"fg-caption-title\">Annonce de la f\u00eate du t\u00eat.<\/div><\/div><\/figcaption><\/figure><div class=\"fg-loader\"><\/div><\/div><div class=\"fg-item fg-type-image fg-idle\"><figure class=\"fg-item-inner\"><a href=\"https:\/\/medialoha.net\/vvd\/wp-content\/uploads\/2025\/08\/pub08-article-populaire.jpg\" data-caption-title=\"Article - Le Populaire - D\u00e9mo Bellac (14 Novembre 2004)\" data-attachment-id=\"632\" data-type=\"image\" class=\"fg-thumb\"><span class=\"fg-image-wrap\"><img decoding=\"async\" title=\"Article - Le Populaire - D\u00e9mo Bellac (14 Novembre 2004)\" width=\"250\" height=\"181\" class=\"skip-lazy fg-image\" data-src-fg=\"https:\/\/medialoha.net\/vvd\/wp-content\/uploads\/cache\/2025\/08\/pub08-article-populaire\/2550047414.jpg\" src=\"data:image\/svg+xml,%3Csvg%20xmlns%3D%22http%3A%2F%2Fwww.w3.org%2F2000%2Fsvg%22%20width%3D%22250%22%20height%3D%22181%22%20viewBox%3D%220%200%20250%20181%22%3E%3C%2Fsvg%3E\" loading=\"eager\"><\/span><span class=\"fg-image-overlay\"><\/span><\/a><figcaption class=\"fg-caption\"><div class=\"fg-caption-inner\"><div class=\"fg-caption-title\">Article - Le Populaire - D\u00e9mo Bellac (14 Novembre 2004)<\/div><\/div><\/figcaption><\/figure><div class=\"fg-loader\"><\/div><\/div><div class=\"fg-item fg-type-image fg-idle\"><figure class=\"fg-item-inner\"><a href=\"https:\/\/medialoha.net\/vvd\/wp-content\/uploads\/2025\/08\/pub07-article-l-echo-du-pays.jpg\" data-caption-title=\"Article - L&#039;\u00e9cho du pays - D\u00e9mo Bellac (14 Novembre 2004)\" data-attachment-id=\"633\" data-type=\"image\" class=\"fg-thumb\"><span class=\"fg-image-wrap\"><img decoding=\"async\" title=\"Article - L&#039;\u00e9cho du pays - D\u00e9mo Bellac (14 Novembre 2004)\" width=\"250\" height=\"476\" class=\"skip-lazy fg-image\" data-src-fg=\"https:\/\/medialoha.net\/vvd\/wp-content\/uploads\/cache\/2025\/08\/pub07-article-l-echo-du-pays\/2587537831.jpg\" src=\"data:image\/svg+xml,%3Csvg%20xmlns%3D%22http%3A%2F%2Fwww.w3.org%2F2000%2Fsvg%22%20width%3D%22250%22%20height%3D%22476%22%20viewBox%3D%220%200%20250%20476%22%3E%3C%2Fsvg%3E\" loading=\"eager\"><\/span><span class=\"fg-image-overlay\"><\/span><\/a><figcaption class=\"fg-caption\"><div class=\"fg-caption-inner\"><div class=\"fg-caption-title\">Article - L'\u00e9cho du pays - D\u00e9mo Bellac (14 Novembre 2004)<\/div><\/div><\/figcaption><\/figure><div class=\"fg-loader\"><\/div><\/div><div class=\"fg-item fg-type-image fg-idle\"><figure class=\"fg-item-inner\"><a href=\"https:\/\/medialoha.net\/vvd\/wp-content\/uploads\/2025\/08\/pub06-article-athanor-la-montagne.jpg\" data-caption-title=\"Article la Montagne - ATHANOR -\" data-attachment-id=\"634\" data-type=\"image\" class=\"fg-thumb\"><span class=\"fg-image-wrap\"><img decoding=\"async\" title=\"Article la Montagne - ATHANOR -\" width=\"250\" height=\"186\" class=\"skip-lazy fg-image\" data-src-fg=\"https:\/\/medialoha.net\/vvd\/wp-content\/uploads\/cache\/2025\/08\/pub06-article-athanor-la-montagne\/3583394336.jpg\" src=\"data:image\/svg+xml,%3Csvg%20xmlns%3D%22http%3A%2F%2Fwww.w3.org%2F2000%2Fsvg%22%20width%3D%22250%22%20height%3D%22186%22%20viewBox%3D%220%200%20250%20186%22%3E%3C%2Fsvg%3E\" loading=\"eager\"><\/span><span class=\"fg-image-overlay\"><\/span><\/a><figcaption class=\"fg-caption\"><div class=\"fg-caption-inner\"><div class=\"fg-caption-title\">Article la Montagne - ATHANOR -<\/div><\/div><\/figcaption><\/figure><div class=\"fg-loader\"><\/div><\/div><div class=\"fg-item fg-type-image fg-idle\"><figure class=\"fg-item-inner\"><a href=\"https:\/\/medialoha.net\/vvd\/wp-content\/uploads\/2025\/08\/pub05-article-athanor-la-montagne.jpg\" data-caption-title=\"Article la Montagne RJD04\" data-attachment-id=\"635\" data-type=\"image\" class=\"fg-thumb\"><span class=\"fg-image-wrap\"><img decoding=\"async\" title=\"Article la Montagne RJD04\" width=\"250\" height=\"186\" class=\"skip-lazy fg-image\" data-src-fg=\"https:\/\/medialoha.net\/vvd\/wp-content\/uploads\/cache\/2025\/08\/pub05-article-athanor-la-montagne\/1725501798.jpg\" src=\"data:image\/svg+xml,%3Csvg%20xmlns%3D%22http%3A%2F%2Fwww.w3.org%2F2000%2Fsvg%22%20width%3D%22250%22%20height%3D%22186%22%20viewBox%3D%220%200%20250%20186%22%3E%3C%2Fsvg%3E\" loading=\"eager\"><\/span><span class=\"fg-image-overlay\"><\/span><\/a><figcaption class=\"fg-caption\"><div class=\"fg-caption-inner\"><div class=\"fg-caption-title\">Article la Montagne RJD04<\/div><\/div><\/figcaption><\/figure><div class=\"fg-loader\"><\/div><\/div><div class=\"fg-item fg-type-image fg-idle\"><figure class=\"fg-item-inner\"><a href=\"https:\/\/medialoha.net\/vvd\/wp-content\/uploads\/2025\/08\/pub04-article_la_montagne_rjd04.jpg\" data-caption-title=\"Article la Montagne RJD04\" data-attachment-id=\"636\" data-type=\"image\" class=\"fg-thumb\"><span class=\"fg-image-wrap\"><img decoding=\"async\" title=\"Article la Montagne RJD04\" width=\"250\" height=\"275\" class=\"skip-lazy fg-image\" data-src-fg=\"https:\/\/medialoha.net\/vvd\/wp-content\/uploads\/cache\/2025\/08\/pub04-article_la_montagne_rjd04\/3967328108.jpg\" src=\"data:image\/svg+xml,%3Csvg%20xmlns%3D%22http%3A%2F%2Fwww.w3.org%2F2000%2Fsvg%22%20width%3D%22250%22%20height%3D%22275%22%20viewBox%3D%220%200%20250%20275%22%3E%3C%2Fsvg%3E\" loading=\"eager\"><\/span><span class=\"fg-image-overlay\"><\/span><\/a><figcaption class=\"fg-caption\"><div class=\"fg-caption-inner\"><div class=\"fg-caption-title\">Article la Montagne RJD04<\/div><\/div><\/figcaption><\/figure><div class=\"fg-loader\"><\/div><\/div><div class=\"fg-item fg-type-image fg-idle\"><figure class=\"fg-item-inner\"><a href=\"https:\/\/medialoha.net\/vvd\/wp-content\/uploads\/2025\/08\/pub03-affiche_RTA2004.jpg\" data-caption-title=\"Souvenirs (Affiche du RTA 2004)\" data-attachment-id=\"637\" data-type=\"image\" class=\"fg-thumb\"><span class=\"fg-image-wrap\"><img decoding=\"async\" title=\"Souvenirs (Affiche du RTA 2004)\" width=\"250\" height=\"362.06896551724\" class=\"skip-lazy fg-image\" data-src-fg=\"https:\/\/medialoha.net\/vvd\/wp-content\/uploads\/2025\/08\/pub03-affiche_RTA2004.jpg\" src=\"data:image\/svg+xml,%3Csvg%20xmlns%3D%22http%3A%2F%2Fwww.w3.org%2F2000%2Fsvg%22%20width%3D%22250%22%20height%3D%22362.06896551724%22%20viewBox%3D%220%200%20250%20362.06896551724%22%3E%3C%2Fsvg%3E\" loading=\"eager\"><\/span><span class=\"fg-image-overlay\"><\/span><\/a><figcaption class=\"fg-caption\"><div class=\"fg-caption-inner\"><div class=\"fg-caption-title\">Souvenirs (Affiche du RTA 2004)<\/div><\/div><\/figcaption><\/figure><div class=\"fg-loader\"><\/div><\/div><div class=\"fg-item fg-type-image fg-idle\"><figure class=\"fg-item-inner\"><a href=\"https:\/\/medialoha.net\/vvd\/wp-content\/uploads\/2025\/08\/pub02-Minist-re11.07.04.gif\" data-caption-title=\"Lettre du Minist\u00e8re de la jeunesse, des sports et de la vie associative.\" data-attachment-id=\"638\" data-type=\"image\" class=\"fg-thumb\"><span class=\"fg-image-wrap\"><img decoding=\"async\" title=\"Lettre du Minist\u00e8re de la jeunesse, des sports et de la vie associative.\" width=\"250\" height=\"368\" class=\"skip-lazy fg-image\" data-src-fg=\"https:\/\/medialoha.net\/vvd\/wp-content\/uploads\/cache\/2025\/08\/pub02-Minist-re11_07_04\/2678080496.png\" src=\"data:image\/svg+xml,%3Csvg%20xmlns%3D%22http%3A%2F%2Fwww.w3.org%2F2000%2Fsvg%22%20width%3D%22250%22%20height%3D%22368%22%20viewBox%3D%220%200%20250%20368%22%3E%3C%2Fsvg%3E\" loading=\"eager\"><\/span><span class=\"fg-image-overlay\"><\/span><\/a><figcaption class=\"fg-caption\"><div class=\"fg-caption-inner\"><div class=\"fg-caption-title\">Lettre du Minist\u00e8re de la jeunesse, des sports et de la vie associative.<\/div><\/div><\/figcaption><\/figure><div class=\"fg-loader\"><\/div><\/div><div class=\"fg-item fg-type-image fg-idle\"><figure class=\"fg-item-inner\"><a href=\"https:\/\/medialoha.net\/vvd\/wp-content\/uploads\/2025\/08\/pub01-extrait-de-naissancesonhai.jpg\" data-caption-title=\"EXTRAIT DE NAISSANCE DE L&#039;ECOLE SON HA\u00cf.\" data-attachment-id=\"639\" data-type=\"image\" class=\"fg-thumb\"><span class=\"fg-image-wrap\"><img decoding=\"async\" title=\"EXTRAIT DE NAISSANCE DE L&#039;ECOLE SON HA\u00cf.\" width=\"250\" height=\"348\" class=\"skip-lazy fg-image\" data-src-fg=\"https:\/\/medialoha.net\/vvd\/wp-content\/uploads\/cache\/2025\/08\/pub01-extrait-de-naissancesonhai\/207697481.jpg\" src=\"data:image\/svg+xml,%3Csvg%20xmlns%3D%22http%3A%2F%2Fwww.w3.org%2F2000%2Fsvg%22%20width%3D%22250%22%20height%3D%22348%22%20viewBox%3D%220%200%20250%20348%22%3E%3C%2Fsvg%3E\" loading=\"eager\"><\/span><span class=\"fg-image-overlay\"><\/span><\/a><figcaption class=\"fg-caption\"><div class=\"fg-caption-inner\"><div class=\"fg-caption-title\">EXTRAIT DE NAISSANCE DE L'ECOLE SON HA\u00cf.<\/div><\/div><\/figcaption><\/figure><div class=\"fg-loader\"><\/div><\/div><\/div>\n","protected":false},"excerpt":{"rendered":"<p>Retrouvez une s\u00e9lection de documents divers comme l&rsquo;extrait de naissance de l&rsquo;\u00e9cole Son Ha\u00ef.<\/p>\n","protected":false},"author":1,"featured_media":0,"parent":0,"menu_order":0,"comment_status":"closed","ping_status":"closed","template":"","meta":{"footnotes":""},"class_list":["post-155","page","type-page","status-publish","hentry"],"blocksy_meta":{"page_structure_type":"type-4","content_style_source":"custom","content_style":"boxed","vertical_spacing_source":"custom","boxed_content_spacing":{"state":1,"values":[{"value":0,"unit":"px"},{"value":0,"unit":"px"},{"value":0,"unit":"px"},{"value":0,"unit":"px"}],"custom":""},"content_background":{"background_type":"color","background_pattern":"type-1","background_image":{"attachment_id":null,"x":0,"y":0},"gradient":"linear-gradient(135deg,rgba(6,147,227,1) 0%,rgb(155,81,224) 100%)","background_repeat":"repeat","background_size":"auto","background_attachment":"scroll","patternColor":{"default":{"color":"#e5e7ea"}},"overlayColor":{"default":{"color":"CT_CSS_SKIP_RULE"}},"backgroundColor":{"default":{"color":"rgba(26, 26, 26, 0.03)"}}},"styles_descriptor":{"styles":{"desktop":"[data-prefix=\"single_page\"] [class*=\"ct-container\"] > article[class*=\"post\"] {--has-boxed:var(--true);--has-wide:var(--false);background-color:var(--has-background, rgba(26, 26, 26, 0.03));--theme-boxed-content-border-radius:3px;--theme-boxed-content-box-shadow:0px 12px 18px -6px rgba(34, 56, 101, 0.04);}","tablet":"","mobile":""},"google_fonts":[],"version":6}},"_links":{"self":[{"href":"https:\/\/medialoha.net\/vvd\/index.php?rest_route=\/wp\/v2\/pages\/155","targetHints":{"allow":["GET"]}}],"collection":[{"href":"https:\/\/medialoha.net\/vvd\/index.php?rest_route=\/wp\/v2\/pages"}],"about":[{"href":"https:\/\/medialoha.net\/vvd\/index.php?rest_route=\/wp\/v2\/types\/page"}],"author":[{"embeddable":true,"href":"https:\/\/medialoha.net\/vvd\/index.php?rest_route=\/wp\/v2\/users\/1"}],"replies":[{"embeddable":true,"href":"https:\/\/medialoha.net\/vvd\/index.php?rest_route=%2Fwp%2Fv2%2Fcomments&post=155"}],"version-history":[{"count":5,"href":"https:\/\/medialoha.net\/vvd\/index.php?rest_route=\/wp\/v2\/pages\/155\/revisions"}],"predecessor-version":[{"id":690,"href":"https:\/\/medialoha.net\/vvd\/index.php?rest_route=\/wp\/v2\/pages\/155\/revisions\/690"}],"wp:attachment":[{"href":"https:\/\/medialoha.net\/vvd\/index.php?rest_route=%2Fwp%2Fv2%2Fmedia&parent=155"}],"curies":[{"name":"wp","href":"https:\/\/api.w.org\/{rel}","templated":true}]}}