{"id":153,"date":"2025-01-15T07:22:53","date_gmt":"2025-01-15T06:22:53","guid":{"rendered":"http:\/\/pfobetk.cluster100.hosting.ovh.net\/vvd\/?page_id=153"},"modified":"2025-08-14T16:34:58","modified_gmt":"2025-08-14T14:34:58","slug":"famille-nguyen","status":"publish","type":"page","link":"https:\/\/medialoha.net\/vvd\/?page_id=153","title":{"rendered":"Famille NGuyen"},"content":{"rendered":"\n<p>Retrouvez ici une s\u00e9lection de photos et documents appartenant \u00e0 la famille NGUYEN.<\/p>\n\n\n<div class=\"foogallery foogallery-container foogallery-masonry foogallery-lightbox-foogallery fg-center fg-masonry fg-dark fg-border-thin fg-shadow-small fg-loading-default fg-loaded-fade-in fg-hover-scale fg-captions-bottom fg-hover-fade fg-ready fg-col4\" id=\"foogallery-gallery-519\" data-foogallery=\"{&quot;item&quot;:{&quot;showCaptionTitle&quot;:true,&quot;showCaptionDescription&quot;:true},&quot;lazy&quot;:true}\" data-foogallery-lightbox=\"{&quot;thumbs&quot;:&quot;bottom&quot;,&quot;thumbsCaptions&quot;:false,&quot;thumbsBestFit&quot;:false,&quot;thumbsSmall&quot;:false,&quot;thumbsCaptionsAlign&quot;:&quot;default&quot;,&quot;info&quot;:&quot;bottom&quot;,&quot;infoVisible&quot;:true,&quot;infoOverlay&quot;:true,&quot;infoAlign&quot;:&quot;default&quot;,&quot;transition&quot;:&quot;fade&quot;,&quot;hoverButtons&quot;:false,&quot;fitMedia&quot;:false,&quot;noScrollbars&quot;:true,&quot;preserveButtonSpace&quot;:true,&quot;buttons&quot;:{&quot;fullscreen&quot;:true,&quot;info&quot;:true,&quot;thumbs&quot;:false},&quot;video&quot;:{&quot;autoPlay&quot;:true}}\" >\n\t\t<div class=\"fg-column-width\"><\/div>\n\t<div class=\"fg-gutter-width\"><\/div>\n\t\t<div class=\"fg-item fg-type-image fg-idle\"><figure class=\"fg-item-inner\"><a href=\"https:\/\/medialoha.net\/vvd\/wp-content\/uploads\/2025\/08\/famille-043.jpg\" data-caption-title=\"C\u00e9r\u00e9monie des voeux 2017 - FFKDA - PARIS -\" data-attachment-id=\"553\" data-type=\"image\" class=\"fg-thumb\"><span class=\"fg-image-wrap\"><img fetchpriority=\"high\" decoding=\"async\" title=\"C\u00e9r\u00e9monie des voeux 2017 - FFKDA - PARIS -\" width=\"250\" height=\"351\" class=\"skip-lazy fg-image\" data-src-fg=\"https:\/\/medialoha.net\/vvd\/wp-content\/uploads\/cache\/2025\/08\/famille-043\/1847538290.jpg\" src=\"data:image\/svg+xml,%3Csvg%20xmlns%3D%22http%3A%2F%2Fwww.w3.org%2F2000%2Fsvg%22%20width%3D%22250%22%20height%3D%22351%22%20viewBox%3D%220%200%20250%20351%22%3E%3C%2Fsvg%3E\" loading=\"eager\"><\/span><span class=\"fg-image-overlay\"><\/span><\/a><figcaption class=\"fg-caption\"><div class=\"fg-caption-inner\"><div class=\"fg-caption-title\">C\u00e9r\u00e9monie des voeux 2017 - FFKDA - PARIS -<\/div><\/div><\/figcaption><\/figure><div class=\"fg-loader\"><\/div><\/div><div class=\"fg-item fg-type-image fg-idle\"><figure class=\"fg-item-inner\"><a href=\"https:\/\/medialoha.net\/vvd\/wp-content\/uploads\/2025\/08\/famille-042.jpg\" data-caption-title=\"C\u00e9r\u00e9monie des voeux 2014 - FFKDA -\" data-caption-desc=\"6 des fr\u00e8res pr\u00e9sents \u00e0 la c\u00e9r\u00e9monie des voeux 2014 FFKDA en compagnie de Ma\u00eetre HIROO MOCHIZUKI.\" data-attachment-id=\"552\" data-type=\"image\" class=\"fg-thumb\"><span class=\"fg-image-wrap\"><img decoding=\"async\" title=\"C\u00e9r\u00e9monie des voeux 2014 - FFKDA -\" width=\"250\" height=\"159\" class=\"skip-lazy fg-image\" data-src-fg=\"https:\/\/medialoha.net\/vvd\/wp-content\/uploads\/cache\/2025\/08\/famille-042\/3014503632.jpg\" src=\"data:image\/svg+xml,%3Csvg%20xmlns%3D%22http%3A%2F%2Fwww.w3.org%2F2000%2Fsvg%22%20width%3D%22250%22%20height%3D%22159%22%20viewBox%3D%220%200%20250%20159%22%3E%3C%2Fsvg%3E\" loading=\"eager\"><\/span><span class=\"fg-image-overlay\"><\/span><\/a><figcaption class=\"fg-caption\"><div class=\"fg-caption-inner\"><div class=\"fg-caption-title\">C\u00e9r\u00e9monie des voeux 2014 - FFKDA -<\/div><div class=\"fg-caption-desc\">6 des fr\u00e8res pr\u00e9sents \u00e0 la c\u00e9r\u00e9monie des voeux 2014 FFKDA en compagnie de Ma\u00eetre HIROO MOCHIZUKI.<\/div><\/div><\/figcaption><\/figure><div class=\"fg-loader\"><\/div><\/div><div class=\"fg-item fg-type-image fg-idle\"><figure class=\"fg-item-inner\"><a href=\"https:\/\/medialoha.net\/vvd\/wp-content\/uploads\/2025\/08\/famille-041.jpg\" data-caption-title=\"R\u00e9union de pr\u00e9paration du stage \u00e0 ceyrat : tout sourire.\" data-attachment-id=\"551\" data-type=\"image\" class=\"fg-thumb\"><span class=\"fg-image-wrap\"><img decoding=\"async\" title=\"R\u00e9union de pr\u00e9paration du stage \u00e0 ceyrat : tout sourire.\" width=\"250\" height=\"131\" class=\"skip-lazy fg-image\" data-src-fg=\"https:\/\/medialoha.net\/vvd\/wp-content\/uploads\/cache\/2025\/08\/famille-041\/235604343.jpg\" src=\"data:image\/svg+xml,%3Csvg%20xmlns%3D%22http%3A%2F%2Fwww.w3.org%2F2000%2Fsvg%22%20width%3D%22250%22%20height%3D%22131%22%20viewBox%3D%220%200%20250%20131%22%3E%3C%2Fsvg%3E\" loading=\"eager\"><\/span><span class=\"fg-image-overlay\"><\/span><\/a><figcaption class=\"fg-caption\"><div class=\"fg-caption-inner\"><div class=\"fg-caption-title\">R\u00e9union de pr\u00e9paration du stage \u00e0 ceyrat : tout sourire.<\/div><\/div><\/figcaption><\/figure><div class=\"fg-loader\"><\/div><\/div><div class=\"fg-item fg-type-image fg-idle\"><figure class=\"fg-item-inner\"><a href=\"https:\/\/medialoha.net\/vvd\/wp-content\/uploads\/2025\/08\/famille-040.jpg\" data-caption-title=\"Tous les fr\u00e8res r\u00e9unis dans la rosace du p\u00e8re. Stage du 04 novembre 2012.\" data-attachment-id=\"550\" data-type=\"image\" class=\"fg-thumb\"><span class=\"fg-image-wrap\"><img decoding=\"async\" title=\"Tous les fr\u00e8res r\u00e9unis dans la rosace du p\u00e8re. Stage du 04 novembre 2012.\" width=\"250\" height=\"354\" class=\"skip-lazy fg-image\" data-src-fg=\"https:\/\/medialoha.net\/vvd\/wp-content\/uploads\/cache\/2025\/08\/famille-040\/3552155605.jpg\" src=\"data:image\/svg+xml,%3Csvg%20xmlns%3D%22http%3A%2F%2Fwww.w3.org%2F2000%2Fsvg%22%20width%3D%22250%22%20height%3D%22354%22%20viewBox%3D%220%200%20250%20354%22%3E%3C%2Fsvg%3E\" loading=\"eager\"><\/span><span class=\"fg-image-overlay\"><\/span><\/a><figcaption class=\"fg-caption\"><div class=\"fg-caption-inner\"><div class=\"fg-caption-title\">Tous les fr\u00e8res r\u00e9unis dans la rosace du p\u00e8re. Stage du 04 novembre 2012.<\/div><\/div><\/figcaption><\/figure><div class=\"fg-loader\"><\/div><\/div><div class=\"fg-item fg-type-image fg-idle\"><figure class=\"fg-item-inner\"><a href=\"https:\/\/medialoha.net\/vvd\/wp-content\/uploads\/2025\/08\/famille-039.jpg\" data-caption-title=\"Les fr\u00e8res en compagnie des dirigeants de la f\u00e9d\u00e9ration\" data-caption-desc=\"F.Didier et Y.Bui Xuan, lors des voeux 2012 Paris\" data-attachment-id=\"549\" data-type=\"image\" class=\"fg-thumb\"><span class=\"fg-image-wrap\"><img decoding=\"async\" title=\"Les fr\u00e8res en compagnie des dirigeants de la f\u00e9d\u00e9ration\" width=\"250\" height=\"181\" class=\"skip-lazy fg-image\" data-src-fg=\"https:\/\/medialoha.net\/vvd\/wp-content\/uploads\/cache\/2025\/08\/famille-039\/506850034.jpg\" src=\"data:image\/svg+xml,%3Csvg%20xmlns%3D%22http%3A%2F%2Fwww.w3.org%2F2000%2Fsvg%22%20width%3D%22250%22%20height%3D%22181%22%20viewBox%3D%220%200%20250%20181%22%3E%3C%2Fsvg%3E\" loading=\"eager\"><\/span><span class=\"fg-image-overlay\"><\/span><\/a><figcaption class=\"fg-caption\"><div class=\"fg-caption-inner\"><div class=\"fg-caption-title\">Les fr\u00e8res en compagnie des dirigeants de la f\u00e9d\u00e9ration<\/div><div class=\"fg-caption-desc\">F.Didier et Y.Bui Xuan, lors des voeux 2012 Paris<\/div><\/div><\/figcaption><\/figure><div class=\"fg-loader\"><\/div><\/div><div class=\"fg-item fg-type-image fg-idle\"><figure class=\"fg-item-inner\"><a href=\"https:\/\/medialoha.net\/vvd\/wp-content\/uploads\/2025\/08\/famille-038.jpg\" data-caption-title=\"40 ans apr\u00e8s\" data-caption-desc=\"1\u00e8re rencontre avec Mr Valera INSEEP Paris 1972\" data-attachment-id=\"548\" data-type=\"image\" class=\"fg-thumb\"><span class=\"fg-image-wrap\"><img decoding=\"async\" title=\"40 ans apr\u00e8s\" width=\"250\" height=\"166\" class=\"skip-lazy fg-image\" data-src-fg=\"https:\/\/medialoha.net\/vvd\/wp-content\/uploads\/cache\/2025\/08\/famille-038\/3280434256.jpg\" src=\"data:image\/svg+xml,%3Csvg%20xmlns%3D%22http%3A%2F%2Fwww.w3.org%2F2000%2Fsvg%22%20width%3D%22250%22%20height%3D%22166%22%20viewBox%3D%220%200%20250%20166%22%3E%3C%2Fsvg%3E\" loading=\"eager\"><\/span><span class=\"fg-image-overlay\"><\/span><\/a><figcaption class=\"fg-caption\"><div class=\"fg-caption-inner\"><div class=\"fg-caption-title\">40 ans apr\u00e8s<\/div><div class=\"fg-caption-desc\">1\u00e8re rencontre avec Mr Valera INSEEP Paris 1972<\/div><\/div><\/figcaption><\/figure><div class=\"fg-loader\"><\/div><\/div><div class=\"fg-item fg-type-image fg-idle\"><figure class=\"fg-item-inner\"><a href=\"https:\/\/medialoha.net\/vvd\/wp-content\/uploads\/2025\/08\/famille-037.jpg\" data-caption-title=\"Chaque ann\u00e9e, la famille se r\u00e9unit \u00e0 l&#039;anniversaire de la date du d\u00e9c\u00e9s du P\u00e8re.(photo juin 2002)\" data-attachment-id=\"547\" data-type=\"image\" class=\"fg-thumb\"><span class=\"fg-image-wrap\"><img decoding=\"async\" title=\"Chaque ann\u00e9e, la famille se r\u00e9unit \u00e0 l&#039;anniversaire de la date du d\u00e9c\u00e9s du P\u00e8re.(photo juin 2002)\" width=\"250\" height=\"163\" class=\"skip-lazy fg-image\" data-src-fg=\"https:\/\/medialoha.net\/vvd\/wp-content\/uploads\/cache\/2025\/08\/famille-037\/3844623784.jpg\" src=\"data:image\/svg+xml,%3Csvg%20xmlns%3D%22http%3A%2F%2Fwww.w3.org%2F2000%2Fsvg%22%20width%3D%22250%22%20height%3D%22163%22%20viewBox%3D%220%200%20250%20163%22%3E%3C%2Fsvg%3E\" loading=\"eager\"><\/span><span class=\"fg-image-overlay\"><\/span><\/a><figcaption class=\"fg-caption\"><div class=\"fg-caption-inner\"><div class=\"fg-caption-title\">Chaque ann\u00e9e, la famille se r\u00e9unit \u00e0 l'anniversaire de la date du d\u00e9c\u00e9s du P\u00e8re.(photo juin 2002)<\/div><\/div><\/figcaption><\/figure><div class=\"fg-loader\"><\/div><\/div><div class=\"fg-item fg-type-image fg-idle\"><figure class=\"fg-item-inner\"><a href=\"https:\/\/medialoha.net\/vvd\/wp-content\/uploads\/2025\/08\/famille-036.jpg\" data-caption-title=\"Ma\u00eetre Nguyen Dan Hung - nov 2011\" data-attachment-id=\"546\" data-type=\"image\" class=\"fg-thumb\"><span class=\"fg-image-wrap\"><img decoding=\"async\" title=\"Ma\u00eetre Nguyen Dan Hung - nov 2011\" width=\"250\" height=\"278\" class=\"skip-lazy fg-image\" data-src-fg=\"https:\/\/medialoha.net\/vvd\/wp-content\/uploads\/cache\/2025\/08\/famille-036\/949670666.jpg\" src=\"data:image\/svg+xml,%3Csvg%20xmlns%3D%22http%3A%2F%2Fwww.w3.org%2F2000%2Fsvg%22%20width%3D%22250%22%20height%3D%22278%22%20viewBox%3D%220%200%20250%20278%22%3E%3C%2Fsvg%3E\" loading=\"eager\"><\/span><span class=\"fg-image-overlay\"><\/span><\/a><figcaption class=\"fg-caption\"><div class=\"fg-caption-inner\"><div class=\"fg-caption-title\">Ma\u00eetre Nguyen Dan Hung - nov 2011<\/div><\/div><\/figcaption><\/figure><div class=\"fg-loader\"><\/div><\/div><div class=\"fg-item fg-type-image fg-idle\"><figure class=\"fg-item-inner\"><a href=\"https:\/\/medialoha.net\/vvd\/wp-content\/uploads\/2025\/08\/famille-035.jpg\" data-caption-title=\"Les fr\u00e8res en compagnie du Ministre des sports, Chantal Jouanno, lors de la c\u00e9r\u00e9monie des hauts grad\u00e9s de la FFKDA.\" data-attachment-id=\"545\" data-type=\"image\" class=\"fg-thumb\"><span class=\"fg-image-wrap\"><img decoding=\"async\" title=\"Les fr\u00e8res en compagnie du Ministre des sports, Chantal Jouanno, lors de la c\u00e9r\u00e9monie des hauts grad\u00e9s de la FFKDA.\" width=\"250\" height=\"175\" class=\"skip-lazy fg-image\" data-src-fg=\"https:\/\/medialoha.net\/vvd\/wp-content\/uploads\/cache\/2025\/08\/famille-035\/2235332269.jpg\" src=\"data:image\/svg+xml,%3Csvg%20xmlns%3D%22http%3A%2F%2Fwww.w3.org%2F2000%2Fsvg%22%20width%3D%22250%22%20height%3D%22175%22%20viewBox%3D%220%200%20250%20175%22%3E%3C%2Fsvg%3E\" loading=\"eager\"><\/span><span class=\"fg-image-overlay\"><\/span><\/a><figcaption class=\"fg-caption\"><div class=\"fg-caption-inner\"><div class=\"fg-caption-title\">Les fr\u00e8res en compagnie du Ministre des sports, Chantal Jouanno, lors de la c\u00e9r\u00e9monie des hauts grad\u00e9s de la FFKDA.<\/div><\/div><\/figcaption><\/figure><div class=\"fg-loader\"><\/div><\/div><div class=\"fg-item fg-type-image fg-idle\"><figure class=\"fg-item-inner\"><a href=\"https:\/\/medialoha.net\/vvd\/wp-content\/uploads\/2025\/08\/famille-034.jpg\" data-caption-title=\"Pri\u00e8re des Ma\u00eetres , sur le tombeau Familiale \u00e0 Da Nguu.\" data-attachment-id=\"544\" data-type=\"image\" class=\"fg-thumb\"><span class=\"fg-image-wrap\"><img decoding=\"async\" title=\"Pri\u00e8re des Ma\u00eetres , sur le tombeau Familiale \u00e0 Da Nguu.\" width=\"250\" height=\"151\" class=\"skip-lazy fg-image\" data-src-fg=\"https:\/\/medialoha.net\/vvd\/wp-content\/uploads\/cache\/2025\/08\/famille-034\/1485760527.jpg\" src=\"data:image\/svg+xml,%3Csvg%20xmlns%3D%22http%3A%2F%2Fwww.w3.org%2F2000%2Fsvg%22%20width%3D%22250%22%20height%3D%22151%22%20viewBox%3D%220%200%20250%20151%22%3E%3C%2Fsvg%3E\" loading=\"eager\"><\/span><span class=\"fg-image-overlay\"><\/span><\/a><figcaption class=\"fg-caption\"><div class=\"fg-caption-inner\"><div class=\"fg-caption-title\">Pri\u00e8re des Ma\u00eetres , sur le tombeau Familiale \u00e0 Da Nguu.<\/div><\/div><\/figcaption><\/figure><div class=\"fg-loader\"><\/div><\/div><div class=\"fg-item fg-type-image fg-idle\"><figure class=\"fg-item-inner\"><a href=\"https:\/\/medialoha.net\/vvd\/wp-content\/uploads\/2025\/08\/famille-033.jpg\" data-caption-title=\"Afin de rendre un dernier hommage \u00e0 Anrd\u00e9 Songne ,au temple SON HAI.\" data-attachment-id=\"543\" data-type=\"image\" class=\"fg-thumb\"><span class=\"fg-image-wrap\"><img decoding=\"async\" title=\"Afin de rendre un dernier hommage \u00e0 Anrd\u00e9 Songne ,au temple SON HAI.\" width=\"250\" height=\"187\" class=\"skip-lazy fg-image\" data-src-fg=\"https:\/\/medialoha.net\/vvd\/wp-content\/uploads\/cache\/2025\/08\/famille-033\/620772258.jpg\" src=\"data:image\/svg+xml,%3Csvg%20xmlns%3D%22http%3A%2F%2Fwww.w3.org%2F2000%2Fsvg%22%20width%3D%22250%22%20height%3D%22187%22%20viewBox%3D%220%200%20250%20187%22%3E%3C%2Fsvg%3E\" loading=\"eager\"><\/span><span class=\"fg-image-overlay\"><\/span><\/a><figcaption class=\"fg-caption\"><div class=\"fg-caption-inner\"><div class=\"fg-caption-title\">Afin de rendre un dernier hommage \u00e0 Anrd\u00e9 Songne ,au temple SON HAI.<\/div><\/div><\/figcaption><\/figure><div class=\"fg-loader\"><\/div><\/div><div class=\"fg-item fg-type-image fg-idle\"><figure class=\"fg-item-inner\"><a href=\"https:\/\/medialoha.net\/vvd\/wp-content\/uploads\/2025\/08\/famille-032.jpg\" data-caption-title=\"R\u00e9union des familles Nguyen et L\u00ea ,HANOI AVRIL 2008\" data-attachment-id=\"542\" data-type=\"image\" class=\"fg-thumb\"><span class=\"fg-image-wrap\"><img decoding=\"async\" title=\"R\u00e9union des familles Nguyen et L\u00ea ,HANOI AVRIL 2008\" width=\"250\" height=\"124\" class=\"skip-lazy fg-image\" data-src-fg=\"https:\/\/medialoha.net\/vvd\/wp-content\/uploads\/cache\/2025\/08\/famille-032\/4172457216.jpg\" src=\"data:image\/svg+xml,%3Csvg%20xmlns%3D%22http%3A%2F%2Fwww.w3.org%2F2000%2Fsvg%22%20width%3D%22250%22%20height%3D%22124%22%20viewBox%3D%220%200%20250%20124%22%3E%3C%2Fsvg%3E\" loading=\"eager\"><\/span><span class=\"fg-image-overlay\"><\/span><\/a><figcaption class=\"fg-caption\"><div class=\"fg-caption-inner\"><div class=\"fg-caption-title\">R\u00e9union des familles Nguyen et L\u00ea ,HANOI AVRIL 2008<\/div><\/div><\/figcaption><\/figure><div class=\"fg-loader\"><\/div><\/div><div class=\"fg-item fg-type-image fg-idle\"><figure class=\"fg-item-inner\"><a href=\"https:\/\/medialoha.net\/vvd\/wp-content\/uploads\/2025\/08\/famille-031.jpg\" data-caption-title=\"Toujours vivant dans nos coeurs.\" data-attachment-id=\"541\" data-type=\"image\" class=\"fg-thumb\"><span class=\"fg-image-wrap\"><img decoding=\"async\" title=\"Toujours vivant dans nos coeurs.\" width=\"250\" height=\"354\" class=\"skip-lazy fg-image\" data-src-fg=\"https:\/\/medialoha.net\/vvd\/wp-content\/uploads\/cache\/2025\/08\/famille-031\/1158938791.jpg\" src=\"data:image\/svg+xml,%3Csvg%20xmlns%3D%22http%3A%2F%2Fwww.w3.org%2F2000%2Fsvg%22%20width%3D%22250%22%20height%3D%22354%22%20viewBox%3D%220%200%20250%20354%22%3E%3C%2Fsvg%3E\" loading=\"eager\"><\/span><span class=\"fg-image-overlay\"><\/span><\/a><figcaption class=\"fg-caption\"><div class=\"fg-caption-inner\"><div class=\"fg-caption-title\">Toujours vivant dans nos coeurs.<\/div><\/div><\/figcaption><\/figure><div class=\"fg-loader\"><\/div><\/div><div class=\"fg-item fg-type-image fg-idle\"><figure class=\"fg-item-inner\"><a href=\"https:\/\/medialoha.net\/vvd\/wp-content\/uploads\/2025\/08\/famille-030.jpg\" data-caption-title=\"Juillet 1999\" data-caption-desc=\"Juillet 1999, apr\u00e8s les fun\u00e9railles en France en pr\u00e9sence de la famille et des \u00e9l\u00e8ves Thanh Long, Alain et Michel accompagnent les cendres de notre Patriarche au tombeau familiale \u00e0 Da Ngu.\" data-attachment-id=\"540\" data-type=\"image\" class=\"fg-thumb\"><span class=\"fg-image-wrap\"><img decoding=\"async\" title=\"Juillet 1999\" width=\"250\" height=\"162\" class=\"skip-lazy fg-image\" data-src-fg=\"https:\/\/medialoha.net\/vvd\/wp-content\/uploads\/cache\/2025\/08\/famille-030\/2561056261.jpg\" src=\"data:image\/svg+xml,%3Csvg%20xmlns%3D%22http%3A%2F%2Fwww.w3.org%2F2000%2Fsvg%22%20width%3D%22250%22%20height%3D%22162%22%20viewBox%3D%220%200%20250%20162%22%3E%3C%2Fsvg%3E\" loading=\"eager\"><\/span><span class=\"fg-image-overlay\"><\/span><\/a><figcaption class=\"fg-caption\"><div class=\"fg-caption-inner\"><div class=\"fg-caption-title\">Juillet 1999<\/div><div class=\"fg-caption-desc\">Juillet 1999, apr\u00e8s les fun\u00e9railles en France en pr\u00e9sence de la famille et des \u00e9l\u00e8ves Thanh Long, Alain et Michel accompagnent les cendres de notre Patriarche au tombeau familiale \u00e0 Da Ngu.<\/div><\/div><\/figcaption><\/figure><div class=\"fg-loader\"><\/div><\/div><div class=\"fg-item fg-type-image fg-idle\"><figure class=\"fg-item-inner\"><a href=\"https:\/\/medialoha.net\/vvd\/wp-content\/uploads\/2025\/08\/famille-029.jpg\" data-caption-title=\"En perp\u00e9tuant la tradition vietnamienne, LAO SU DAI VIET.\" data-attachment-id=\"539\" data-type=\"image\" class=\"fg-thumb\"><span class=\"fg-image-wrap\"><img decoding=\"async\" title=\"En perp\u00e9tuant la tradition vietnamienne, LAO SU DAI VIET.\" width=\"250\" height=\"296\" class=\"skip-lazy fg-image\" data-src-fg=\"https:\/\/medialoha.net\/vvd\/wp-content\/uploads\/cache\/2025\/08\/famille-029\/3308634878.jpg\" src=\"data:image\/svg+xml,%3Csvg%20xmlns%3D%22http%3A%2F%2Fwww.w3.org%2F2000%2Fsvg%22%20width%3D%22250%22%20height%3D%22296%22%20viewBox%3D%220%200%20250%20296%22%3E%3C%2Fsvg%3E\" loading=\"eager\"><\/span><span class=\"fg-image-overlay\"><\/span><\/a><figcaption class=\"fg-caption\"><div class=\"fg-caption-inner\"><div class=\"fg-caption-title\">En perp\u00e9tuant la tradition vietnamienne, LAO SU DAI VIET.<\/div><\/div><\/figcaption><\/figure><div class=\"fg-loader\"><\/div><\/div><div class=\"fg-item fg-type-image fg-idle\"><figure class=\"fg-item-inner\"><a href=\"https:\/\/medialoha.net\/vvd\/wp-content\/uploads\/2025\/08\/famille-028.jpg\" data-caption-title=\"Arriv\u00e9e de Nils sous le regard attendri de Victoria.\" data-attachment-id=\"538\" data-type=\"image\" class=\"fg-thumb\"><span class=\"fg-image-wrap\"><img decoding=\"async\" title=\"Arriv\u00e9e de Nils sous le regard attendri de Victoria.\" width=\"250\" height=\"160\" class=\"skip-lazy fg-image\" data-src-fg=\"https:\/\/medialoha.net\/vvd\/wp-content\/uploads\/cache\/2025\/08\/famille-028\/411524188.jpg\" src=\"data:image\/svg+xml,%3Csvg%20xmlns%3D%22http%3A%2F%2Fwww.w3.org%2F2000%2Fsvg%22%20width%3D%22250%22%20height%3D%22160%22%20viewBox%3D%220%200%20250%20160%22%3E%3C%2Fsvg%3E\" loading=\"eager\"><\/span><span class=\"fg-image-overlay\"><\/span><\/a><figcaption class=\"fg-caption\"><div class=\"fg-caption-inner\"><div class=\"fg-caption-title\">Arriv\u00e9e de Nils sous le regard attendri de Victoria.<\/div><\/div><\/figcaption><\/figure><div class=\"fg-loader\"><\/div><\/div><div class=\"fg-item fg-type-image fg-idle\"><figure class=\"fg-item-inner\"><a href=\"https:\/\/medialoha.net\/vvd\/wp-content\/uploads\/2025\/08\/famille-027.jpg\" data-caption-title=\"Le Patriarche souriant accueille le Ma\u00eetre fondateur.\" data-attachment-id=\"537\" data-type=\"image\" class=\"fg-thumb\"><span class=\"fg-image-wrap\"><img decoding=\"async\" title=\"Le Patriarche souriant accueille le Ma\u00eetre fondateur.\" width=\"250\" height=\"167\" class=\"skip-lazy fg-image\" data-src-fg=\"https:\/\/medialoha.net\/vvd\/wp-content\/uploads\/cache\/2025\/08\/famille-027\/1042834852.jpg\" src=\"data:image\/svg+xml,%3Csvg%20xmlns%3D%22http%3A%2F%2Fwww.w3.org%2F2000%2Fsvg%22%20width%3D%22250%22%20height%3D%22167%22%20viewBox%3D%220%200%20250%20167%22%3E%3C%2Fsvg%3E\" loading=\"eager\"><\/span><span class=\"fg-image-overlay\"><\/span><\/a><figcaption class=\"fg-caption\"><div class=\"fg-caption-inner\"><div class=\"fg-caption-title\">Le Patriarche souriant accueille le Ma\u00eetre fondateur.<\/div><\/div><\/figcaption><\/figure><div class=\"fg-loader\"><\/div><\/div><div class=\"fg-item fg-type-image fg-idle\"><figure class=\"fg-item-inner\"><a href=\"https:\/\/medialoha.net\/vvd\/wp-content\/uploads\/2025\/08\/famille-026.jpg\" data-caption-title=\"C\u00e9r\u00e9monie de remise de ceinture de Ma\u00eetre fondateur (mars 1991, Vichy)\" data-attachment-id=\"536\" data-type=\"image\" class=\"fg-thumb\"><span class=\"fg-image-wrap\"><img decoding=\"async\" title=\"C\u00e9r\u00e9monie de remise de ceinture de Ma\u00eetre fondateur (mars 1991, Vichy)\" width=\"250\" height=\"153\" class=\"skip-lazy fg-image\" data-src-fg=\"https:\/\/medialoha.net\/vvd\/wp-content\/uploads\/cache\/2025\/08\/famille-026\/3818584838.jpg\" src=\"data:image\/svg+xml,%3Csvg%20xmlns%3D%22http%3A%2F%2Fwww.w3.org%2F2000%2Fsvg%22%20width%3D%22250%22%20height%3D%22153%22%20viewBox%3D%220%200%20250%20153%22%3E%3C%2Fsvg%3E\" loading=\"eager\"><\/span><span class=\"fg-image-overlay\"><\/span><\/a><figcaption class=\"fg-caption\"><div class=\"fg-caption-inner\"><div class=\"fg-caption-title\">C\u00e9r\u00e9monie de remise de ceinture de Ma\u00eetre fondateur (mars 1991, Vichy)<\/div><\/div><\/figcaption><\/figure><div class=\"fg-loader\"><\/div><\/div><div class=\"fg-item fg-type-image fg-idle\"><figure class=\"fg-item-inner\"><a href=\"https:\/\/medialoha.net\/vvd\/wp-content\/uploads\/2025\/08\/famille-025.jpg\" data-caption-title=\"Hanoi oct 1997\" data-caption-desc=\"En hommage \u00e0 ses tantes disparues ( au centre ) lors du mariage de Me Michel et Corinne.\" data-attachment-id=\"535\" data-type=\"image\" class=\"fg-thumb\"><span class=\"fg-image-wrap\"><img decoding=\"async\" title=\"Hanoi oct 1997\" width=\"250\" height=\"190\" class=\"skip-lazy fg-image\" data-src-fg=\"https:\/\/medialoha.net\/vvd\/wp-content\/uploads\/cache\/2025\/08\/famille-025\/1581014689.jpg\" src=\"data:image\/svg+xml,%3Csvg%20xmlns%3D%22http%3A%2F%2Fwww.w3.org%2F2000%2Fsvg%22%20width%3D%22250%22%20height%3D%22190%22%20viewBox%3D%220%200%20250%20190%22%3E%3C%2Fsvg%3E\" loading=\"eager\"><\/span><span class=\"fg-image-overlay\"><\/span><\/a><figcaption class=\"fg-caption\"><div class=\"fg-caption-inner\"><div class=\"fg-caption-title\">Hanoi oct 1997<\/div><div class=\"fg-caption-desc\">En hommage \u00e0 ses tantes disparues ( au centre ) lors du mariage de Me Michel et Corinne.<\/div><\/div><\/figcaption><\/figure><div class=\"fg-loader\"><\/div><\/div><div class=\"fg-item fg-type-image fg-idle\"><figure class=\"fg-item-inner\"><a href=\"https:\/\/medialoha.net\/vvd\/wp-content\/uploads\/2025\/08\/famille-024.jpg\" data-caption-title=\"4\u00e8me porte du Bat Quai.\" data-attachment-id=\"534\" data-type=\"image\" class=\"fg-thumb\"><span class=\"fg-image-wrap\"><img decoding=\"async\" title=\"4\u00e8me porte du Bat Quai.\" width=\"250\" height=\"173\" class=\"skip-lazy fg-image\" data-src-fg=\"https:\/\/medialoha.net\/vvd\/wp-content\/uploads\/cache\/2025\/08\/famille-024\/2207170563.jpg\" src=\"data:image\/svg+xml,%3Csvg%20xmlns%3D%22http%3A%2F%2Fwww.w3.org%2F2000%2Fsvg%22%20width%3D%22250%22%20height%3D%22173%22%20viewBox%3D%220%200%20250%20173%22%3E%3C%2Fsvg%3E\" loading=\"eager\"><\/span><span class=\"fg-image-overlay\"><\/span><\/a><figcaption class=\"fg-caption\"><div class=\"fg-caption-inner\"><div class=\"fg-caption-title\">4\u00e8me porte du Bat Quai.<\/div><\/div><\/figcaption><\/figure><div class=\"fg-loader\"><\/div><\/div><div class=\"fg-item fg-type-image fg-idle\"><figure class=\"fg-item-inner\"><a href=\"https:\/\/medialoha.net\/vvd\/wp-content\/uploads\/2025\/08\/famille-023.jpg\" data-caption-title=\"Entra\u00eenement \u00e0 la salle PHU DAO \u00e0 Montlu\u00e7on.\" data-attachment-id=\"533\" data-type=\"image\" class=\"fg-thumb\"><span class=\"fg-image-wrap\"><img decoding=\"async\" title=\"Entra\u00eenement \u00e0 la salle PHU DAO \u00e0 Montlu\u00e7on.\" width=\"250\" height=\"173\" class=\"skip-lazy fg-image\" data-src-fg=\"https:\/\/medialoha.net\/vvd\/wp-content\/uploads\/cache\/2025\/08\/famille-023\/4261417902.jpg\" src=\"data:image\/svg+xml,%3Csvg%20xmlns%3D%22http%3A%2F%2Fwww.w3.org%2F2000%2Fsvg%22%20width%3D%22250%22%20height%3D%22173%22%20viewBox%3D%220%200%20250%20173%22%3E%3C%2Fsvg%3E\" loading=\"eager\"><\/span><span class=\"fg-image-overlay\"><\/span><\/a><figcaption class=\"fg-caption\"><div class=\"fg-caption-inner\"><div class=\"fg-caption-title\">Entra\u00eenement \u00e0 la salle PHU DAO \u00e0 Montlu\u00e7on.<\/div><\/div><\/figcaption><\/figure><div class=\"fg-loader\"><\/div><\/div><div class=\"fg-item fg-type-image fg-idle\"><figure class=\"fg-item-inner\"><a href=\"https:\/\/medialoha.net\/vvd\/wp-content\/uploads\/2025\/08\/famille-022.jpg\" data-caption-title=\"Le coll\u00e8ge des CV. 18\/06\/05.\" data-attachment-id=\"532\" data-type=\"image\" class=\"fg-thumb\"><span class=\"fg-image-wrap\"><img decoding=\"async\" title=\"Le coll\u00e8ge des CV. 18\/06\/05.\" width=\"250\" height=\"105\" class=\"skip-lazy fg-image\" data-src-fg=\"https:\/\/medialoha.net\/vvd\/wp-content\/uploads\/cache\/2025\/08\/famille-022\/598904076.jpg\" src=\"data:image\/svg+xml,%3Csvg%20xmlns%3D%22http%3A%2F%2Fwww.w3.org%2F2000%2Fsvg%22%20width%3D%22250%22%20height%3D%22105%22%20viewBox%3D%220%200%20250%20105%22%3E%3C%2Fsvg%3E\" loading=\"eager\"><\/span><span class=\"fg-image-overlay\"><\/span><\/a><figcaption class=\"fg-caption\"><div class=\"fg-caption-inner\"><div class=\"fg-caption-title\">Le coll\u00e8ge des CV. 18\/06\/05.<\/div><\/div><\/figcaption><\/figure><div class=\"fg-loader\"><\/div><\/div><div class=\"fg-item fg-type-image fg-idle\"><figure class=\"fg-item-inner\"><a href=\"https:\/\/medialoha.net\/vvd\/wp-content\/uploads\/2025\/08\/famille-021.jpg\" data-caption-title=\"Les Ma\u00eetres de la FFVVD. Me PHAN-HOANG et Me Lao Su Dai Viet.\" data-attachment-id=\"531\" data-type=\"image\" class=\"fg-thumb\"><span class=\"fg-image-wrap\"><img decoding=\"async\" title=\"Les Ma\u00eetres de la FFVVD. Me PHAN-HOANG et Me Lao Su Dai Viet.\" width=\"250\" height=\"223\" class=\"skip-lazy fg-image\" data-src-fg=\"https:\/\/medialoha.net\/vvd\/wp-content\/uploads\/cache\/2025\/08\/famille-021\/2652121259.jpg\" src=\"data:image\/svg+xml,%3Csvg%20xmlns%3D%22http%3A%2F%2Fwww.w3.org%2F2000%2Fsvg%22%20width%3D%22250%22%20height%3D%22223%22%20viewBox%3D%220%200%20250%20223%22%3E%3C%2Fsvg%3E\" loading=\"eager\"><\/span><span class=\"fg-image-overlay\"><\/span><\/a><figcaption class=\"fg-caption\"><div class=\"fg-caption-inner\"><div class=\"fg-caption-title\">Les Ma\u00eetres de la FFVVD. Me PHAN-HOANG et Me Lao Su Dai Viet.<\/div><\/div><\/figcaption><\/figure><div class=\"fg-loader\"><\/div><\/div><div class=\"fg-item fg-type-image fg-idle\"><figure class=\"fg-item-inner\"><a href=\"https:\/\/medialoha.net\/vvd\/wp-content\/uploads\/2025\/08\/famille-020.jpg\" data-caption-title=\"Eternelle jeunesse : Murat le Quaire.\" data-attachment-id=\"530\" data-type=\"image\" class=\"fg-thumb\"><span class=\"fg-image-wrap\"><img decoding=\"async\" title=\"Eternelle jeunesse : Murat le Quaire.\" width=\"250\" height=\"299\" class=\"skip-lazy fg-image\" data-src-fg=\"https:\/\/medialoha.net\/vvd\/wp-content\/uploads\/cache\/2025\/08\/famille-020\/1134999049.jpg\" src=\"data:image\/svg+xml,%3Csvg%20xmlns%3D%22http%3A%2F%2Fwww.w3.org%2F2000%2Fsvg%22%20width%3D%22250%22%20height%3D%22299%22%20viewBox%3D%220%200%20250%20299%22%3E%3C%2Fsvg%3E\" loading=\"eager\"><\/span><span class=\"fg-image-overlay\"><\/span><\/a><figcaption class=\"fg-caption\"><div class=\"fg-caption-inner\"><div class=\"fg-caption-title\">Eternelle jeunesse : Murat le Quaire.<\/div><\/div><\/figcaption><\/figure><div class=\"fg-loader\"><\/div><\/div><div class=\"fg-item fg-type-image fg-idle\"><figure class=\"fg-item-inner\"><a href=\"https:\/\/medialoha.net\/vvd\/wp-content\/uploads\/2025\/08\/famille-019.jpg\" data-caption-title=\"Mr et Me LE DAT saluant l&#039;autel Son Hai \u00e0 Da Gnuu.\" data-attachment-id=\"529\" data-type=\"image\" class=\"fg-thumb\"><span class=\"fg-image-wrap\"><img decoding=\"async\" title=\"Mr et Me LE DAT saluant l&#039;autel Son Hai \u00e0 Da Gnuu.\" width=\"250\" height=\"186\" class=\"skip-lazy fg-image\" data-src-fg=\"https:\/\/medialoha.net\/vvd\/wp-content\/uploads\/cache\/2025\/08\/famille-019\/3553008162.jpg\" src=\"data:image\/svg+xml,%3Csvg%20xmlns%3D%22http%3A%2F%2Fwww.w3.org%2F2000%2Fsvg%22%20width%3D%22250%22%20height%3D%22186%22%20viewBox%3D%220%200%20250%20186%22%3E%3C%2Fsvg%3E\" loading=\"eager\"><\/span><span class=\"fg-image-overlay\"><\/span><\/a><figcaption class=\"fg-caption\"><div class=\"fg-caption-inner\"><div class=\"fg-caption-title\">Mr et Me LE DAT saluant l'autel Son Hai \u00e0 Da Gnuu.<\/div><\/div><\/figcaption><\/figure><div class=\"fg-loader\"><\/div><\/div><div class=\"fg-item fg-type-image fg-idle\"><figure class=\"fg-item-inner\"><a href=\"https:\/\/medialoha.net\/vvd\/wp-content\/uploads\/2025\/08\/famille-018.jpg\" data-caption-title=\"Entre la mer et la montagne : Lao Su Da\u00ef Viet, le grand dragon vert.\" data-attachment-id=\"528\" data-type=\"image\" class=\"fg-thumb\"><span class=\"fg-image-wrap\"><img decoding=\"async\" title=\"Entre la mer et la montagne : Lao Su Da\u00ef Viet, le grand dragon vert.\" width=\"250\" height=\"396\" class=\"skip-lazy fg-image\" data-src-fg=\"https:\/\/medialoha.net\/vvd\/wp-content\/uploads\/cache\/2025\/08\/famille-018\/242484352.jpg\" src=\"data:image\/svg+xml,%3Csvg%20xmlns%3D%22http%3A%2F%2Fwww.w3.org%2F2000%2Fsvg%22%20width%3D%22250%22%20height%3D%22396%22%20viewBox%3D%220%200%20250%20396%22%3E%3C%2Fsvg%3E\" loading=\"eager\"><\/span><span class=\"fg-image-overlay\"><\/span><\/a><figcaption class=\"fg-caption\"><div class=\"fg-caption-inner\"><div class=\"fg-caption-title\">Entre la mer et la montagne : Lao Su Da\u00ef Viet, le grand dragon vert.<\/div><\/div><\/figcaption><\/figure><div class=\"fg-loader\"><\/div><\/div><div class=\"fg-item fg-type-image fg-idle\"><figure class=\"fg-item-inner\"><a href=\"https:\/\/medialoha.net\/vvd\/wp-content\/uploads\/2025\/08\/famille-017.jpg\" data-caption-title=\"Dragon Son Hai\" data-caption-desc=\"Collection priv\u00e9e : Mr Ba\u00f1os, brod\u00e9 au N\u00e9pal sur commande en 1985.\" data-attachment-id=\"527\" data-type=\"image\" class=\"fg-thumb\"><span class=\"fg-image-wrap\"><img decoding=\"async\" title=\"Dragon Son Hai\" width=\"250\" height=\"364\" class=\"skip-lazy fg-image\" data-src-fg=\"https:\/\/medialoha.net\/vvd\/wp-content\/uploads\/cache\/2025\/08\/famille-017\/685456760.jpg\" src=\"data:image\/svg+xml,%3Csvg%20xmlns%3D%22http%3A%2F%2Fwww.w3.org%2F2000%2Fsvg%22%20width%3D%22250%22%20height%3D%22364%22%20viewBox%3D%220%200%20250%20364%22%3E%3C%2Fsvg%3E\" loading=\"eager\"><\/span><span class=\"fg-image-overlay\"><\/span><\/a><figcaption class=\"fg-caption\"><div class=\"fg-caption-inner\"><div class=\"fg-caption-title\">Dragon Son Hai<\/div><div class=\"fg-caption-desc\">Collection priv\u00e9e : Mr Ba\u00f1os, brod\u00e9 au N\u00e9pal sur commande en 1985.<\/div><\/div><\/figcaption><\/figure><div class=\"fg-loader\"><\/div><\/div><div class=\"fg-item fg-type-image fg-idle\"><figure class=\"fg-item-inner\"><a href=\"https:\/\/medialoha.net\/vvd\/wp-content\/uploads\/2025\/08\/famille-016.jpg\" data-caption-desc=\"Dans le Thanh Long, le Dragon (la force) est associ\u00e9 au Ph\u00e9nix ( la souplesse). Long : dragon. Ly : Licorne. Qui : Tortue. Phuong : Ph\u00e9nix. Parchemin offert par Mr L\u00ea Dat, cousin de Me NDH.\" data-attachment-id=\"526\" data-type=\"image\" class=\"fg-thumb\"><span class=\"fg-image-wrap\"><img decoding=\"async\" width=\"250\" height=\"173\" class=\"skip-lazy fg-image\" data-src-fg=\"https:\/\/medialoha.net\/vvd\/wp-content\/uploads\/cache\/2025\/08\/famille-016\/4117341146.jpg\" src=\"data:image\/svg+xml,%3Csvg%20xmlns%3D%22http%3A%2F%2Fwww.w3.org%2F2000%2Fsvg%22%20width%3D%22250%22%20height%3D%22173%22%20viewBox%3D%220%200%20250%20173%22%3E%3C%2Fsvg%3E\" loading=\"eager\"><\/span><span class=\"fg-image-overlay\"><\/span><\/a><figcaption class=\"fg-caption\"><div class=\"fg-caption-inner\"><div class=\"fg-caption-desc\">Dans le Thanh Long, le Dragon (la force) est associ\u00e9 au Ph\u00e9nix ( la souplesse). Long : dragon. Ly : Licorne. Qui : Tortue. Phuong : Ph\u00e9nix. Parchemin offert par Mr L\u00ea Dat, cousin de Me NDH.<\/div><\/div><\/figcaption><\/figure><div class=\"fg-loader\"><\/div><\/div><div class=\"fg-item fg-type-image fg-idle\"><figure class=\"fg-item-inner\"><a href=\"https:\/\/medialoha.net\/vvd\/wp-content\/uploads\/2025\/08\/famille-015.jpg\" data-caption-title=\"1964-Nguyen Dan Luc\" data-caption-desc=\"Dans la 1\u00e8re salle d&#039;entra\u00eenement : La Montlu\u00e7onnaise. Coup de pied \u00e9ventail.\" data-attachment-id=\"562\" data-type=\"image\" class=\"fg-thumb\"><span class=\"fg-image-wrap\"><img decoding=\"async\" title=\"1964-Nguyen Dan Luc\" width=\"250\" height=\"353.77358490566\" class=\"skip-lazy fg-image\" data-src-fg=\"https:\/\/medialoha.net\/vvd\/wp-content\/uploads\/2025\/08\/famille-015.jpg\" src=\"data:image\/svg+xml,%3Csvg%20xmlns%3D%22http%3A%2F%2Fwww.w3.org%2F2000%2Fsvg%22%20width%3D%22250%22%20height%3D%22353.77358490566%22%20viewBox%3D%220%200%20250%20353.77358490566%22%3E%3C%2Fsvg%3E\" loading=\"eager\"><\/span><span class=\"fg-image-overlay\"><\/span><\/a><figcaption class=\"fg-caption\"><div class=\"fg-caption-inner\"><div class=\"fg-caption-title\">1964-Nguyen Dan Luc<\/div><div class=\"fg-caption-desc\">Dans la 1\u00e8re salle d'entra\u00eenement : La Montlu\u00e7onnaise. Coup de pied \u00e9ventail.<\/div><\/div><\/figcaption><\/figure><div class=\"fg-loader\"><\/div><\/div><div class=\"fg-item fg-type-image fg-idle\"><figure class=\"fg-item-inner\"><a href=\"https:\/\/medialoha.net\/vvd\/wp-content\/uploads\/2025\/08\/famille-014.jpg\" data-caption-title=\"Melle NGUYEN KIM HOA Victoria, dans la plus pure tradition familiale\" data-attachment-id=\"561\" data-type=\"image\" class=\"fg-thumb\"><span class=\"fg-image-wrap\"><img decoding=\"async\" title=\"Melle NGUYEN KIM HOA Victoria, dans la plus pure tradition familiale\" width=\"250\" height=\"396\" class=\"skip-lazy fg-image\" data-src-fg=\"https:\/\/medialoha.net\/vvd\/wp-content\/uploads\/cache\/2025\/08\/famille-014\/2113859191.jpg\" src=\"data:image\/svg+xml,%3Csvg%20xmlns%3D%22http%3A%2F%2Fwww.w3.org%2F2000%2Fsvg%22%20width%3D%22250%22%20height%3D%22396%22%20viewBox%3D%220%200%20250%20396%22%3E%3C%2Fsvg%3E\" loading=\"eager\"><\/span><span class=\"fg-image-overlay\"><\/span><\/a><figcaption class=\"fg-caption\"><div class=\"fg-caption-inner\"><div class=\"fg-caption-title\">Melle NGUYEN KIM HOA Victoria, dans la plus pure tradition familiale<\/div><\/div><\/figcaption><\/figure><div class=\"fg-loader\"><\/div><\/div><div class=\"fg-item fg-type-image fg-idle\"><figure class=\"fg-item-inner\"><a href=\"https:\/\/medialoha.net\/vvd\/wp-content\/uploads\/2025\/08\/famille-013.jpg\" data-caption-title=\"Me NGUYEN DAN PHU\" data-caption-desc=\"Me NGUYEN DAN PHU dans les ann\u00e9es cinquante fut le premier \u00e0 porter des tenues d&#039;entra\u00eenement noires. Ses fils, suivront l&#039;enseignement familial et traditionnel en VO Phuc noir, cependant, porteront le kimono blanc lors des comp\u00e9titions et d\u00e9monstrations nationales , dans les diff\u00e9rentes f\u00e9d\u00e9rations d&#039;arts martiaux de l&#039;\u00e9poque.\" data-attachment-id=\"560\" data-type=\"image\" class=\"fg-thumb\"><span class=\"fg-image-wrap\"><img decoding=\"async\" title=\"Me NGUYEN DAN PHU\" width=\"250\" height=\"179\" class=\"skip-lazy fg-image\" data-src-fg=\"https:\/\/medialoha.net\/vvd\/wp-content\/uploads\/cache\/2025\/08\/famille-013\/1713600850.jpg\" src=\"data:image\/svg+xml,%3Csvg%20xmlns%3D%22http%3A%2F%2Fwww.w3.org%2F2000%2Fsvg%22%20width%3D%22250%22%20height%3D%22179%22%20viewBox%3D%220%200%20250%20179%22%3E%3C%2Fsvg%3E\" loading=\"eager\"><\/span><span class=\"fg-image-overlay\"><\/span><\/a><figcaption class=\"fg-caption\"><div class=\"fg-caption-inner\"><div class=\"fg-caption-title\">Me NGUYEN DAN PHU<\/div><div class=\"fg-caption-desc\">Me NGUYEN DAN PHU dans les ann\u00e9es cinquante fut le premier \u00e0 porter des tenues d'entra\u00eenement noires. Ses fils, suivront l'enseignement familial et traditionnel en VO Phuc noir, cependant, porteront le kimono blanc lors des comp\u00e9titions et d\u00e9monstrations nationales , dans les diff\u00e9rentes f\u00e9d\u00e9rations d'arts martiaux de l'\u00e9poque.<\/div><\/div><\/figcaption><\/figure><div class=\"fg-loader\"><\/div><\/div><div class=\"fg-item fg-type-image fg-idle\"><figure class=\"fg-item-inner\"><a href=\"https:\/\/medialoha.net\/vvd\/wp-content\/uploads\/2025\/08\/famille-012.jpg\" data-caption-title=\"L&#039;\u00e9cole SonHa\u00ef honor\u00e9e par la presence des autres maitres thanh long.\" data-attachment-id=\"559\" data-type=\"image\" class=\"fg-thumb\"><span class=\"fg-image-wrap\"><img decoding=\"async\" title=\"L&#039;\u00e9cole SonHa\u00ef honor\u00e9e par la presence des autres maitres thanh long.\" width=\"250\" height=\"92\" class=\"skip-lazy fg-image\" data-src-fg=\"https:\/\/medialoha.net\/vvd\/wp-content\/uploads\/cache\/2025\/08\/famille-012\/1121434171.jpg\" src=\"data:image\/svg+xml,%3Csvg%20xmlns%3D%22http%3A%2F%2Fwww.w3.org%2F2000%2Fsvg%22%20width%3D%22250%22%20height%3D%2292%22%20viewBox%3D%220%200%20250%2092%22%3E%3C%2Fsvg%3E\" loading=\"eager\"><\/span><span class=\"fg-image-overlay\"><\/span><\/a><figcaption class=\"fg-caption\"><div class=\"fg-caption-inner\"><div class=\"fg-caption-title\">L'\u00e9cole SonHa\u00ef honor\u00e9e par la presence des autres maitres thanh long.<\/div><\/div><\/figcaption><\/figure><div class=\"fg-loader\"><\/div><\/div><div class=\"fg-item fg-type-image fg-idle\"><figure class=\"fg-item-inner\"><a href=\"https:\/\/medialoha.net\/vvd\/wp-content\/uploads\/2025\/08\/famille-011.jpg\" data-caption-title=\"Portrait de Lao Su Da\u00cf Viet, choisi par sa famille pour ses fun\u00e9railles en France et au Viet Nam.\" data-attachment-id=\"558\" data-type=\"image\" class=\"fg-thumb\"><span class=\"fg-image-wrap\"><img decoding=\"async\" title=\"Portrait de Lao Su Da\u00cf Viet, choisi par sa famille pour ses fun\u00e9railles en France et au Viet Nam.\" width=\"250\" height=\"338\" class=\"skip-lazy fg-image\" data-src-fg=\"https:\/\/medialoha.net\/vvd\/wp-content\/uploads\/cache\/2025\/08\/famille-011\/3711968228.jpg\" src=\"data:image\/svg+xml,%3Csvg%20xmlns%3D%22http%3A%2F%2Fwww.w3.org%2F2000%2Fsvg%22%20width%3D%22250%22%20height%3D%22338%22%20viewBox%3D%220%200%20250%20338%22%3E%3C%2Fsvg%3E\" loading=\"eager\"><\/span><span class=\"fg-image-overlay\"><\/span><\/a><figcaption class=\"fg-caption\"><div class=\"fg-caption-inner\"><div class=\"fg-caption-title\">Portrait de Lao Su Da\u00cf Viet, choisi par sa famille pour ses fun\u00e9railles en France et au Viet Nam.<\/div><\/div><\/figcaption><\/figure><div class=\"fg-loader\"><\/div><\/div><div class=\"fg-item fg-type-image fg-idle\"><figure class=\"fg-item-inner\"><a href=\"https:\/\/medialoha.net\/vvd\/wp-content\/uploads\/2025\/08\/famille-010.jpg\" data-caption-title=\"Mai 1992\" data-caption-desc=\"Nomination des Ma\u00eetres co-fondateurs du Son-Ha\u00ef - Me Raymond Aguilar et Me Alain Nguyen.\" data-attachment-id=\"557\" data-type=\"image\" class=\"fg-thumb\"><span class=\"fg-image-wrap\"><img decoding=\"async\" title=\"Mai 1992\" width=\"250\" height=\"138\" class=\"skip-lazy fg-image\" data-src-fg=\"https:\/\/medialoha.net\/vvd\/wp-content\/uploads\/cache\/2025\/08\/famille-010\/3999598638.jpg\" src=\"data:image\/svg+xml,%3Csvg%20xmlns%3D%22http%3A%2F%2Fwww.w3.org%2F2000%2Fsvg%22%20width%3D%22250%22%20height%3D%22138%22%20viewBox%3D%220%200%20250%20138%22%3E%3C%2Fsvg%3E\" loading=\"eager\"><\/span><span class=\"fg-image-overlay\"><\/span><\/a><figcaption class=\"fg-caption\"><div class=\"fg-caption-inner\"><div class=\"fg-caption-title\">Mai 1992<\/div><div class=\"fg-caption-desc\">Nomination des Ma\u00eetres co-fondateurs du Son-Ha\u00ef - Me Raymond Aguilar et Me Alain Nguyen.<\/div><\/div><\/figcaption><\/figure><div class=\"fg-loader\"><\/div><\/div><div class=\"fg-item fg-type-image fg-idle\"><figure class=\"fg-item-inner\"><a href=\"https:\/\/medialoha.net\/vvd\/wp-content\/uploads\/2025\/08\/famille-009.jpg\" data-caption-title=\"Lao Su Da\u00ef Viet et Ma\u00eetre Dan Hung et Dan Binh.\" data-attachment-id=\"556\" data-type=\"image\" class=\"fg-thumb\"><span class=\"fg-image-wrap\"><img decoding=\"async\" title=\"Lao Su Da\u00ef Viet et Ma\u00eetre Dan Hung et Dan Binh.\" width=\"250\" height=\"370\" class=\"skip-lazy fg-image\" data-src-fg=\"https:\/\/medialoha.net\/vvd\/wp-content\/uploads\/cache\/2025\/08\/famille-009\/4148795770.jpg\" src=\"data:image\/svg+xml,%3Csvg%20xmlns%3D%22http%3A%2F%2Fwww.w3.org%2F2000%2Fsvg%22%20width%3D%22250%22%20height%3D%22370%22%20viewBox%3D%220%200%20250%20370%22%3E%3C%2Fsvg%3E\" loading=\"eager\"><\/span><span class=\"fg-image-overlay\"><\/span><\/a><figcaption class=\"fg-caption\"><div class=\"fg-caption-inner\"><div class=\"fg-caption-title\">Lao Su Da\u00ef Viet et Ma\u00eetre Dan Hung et Dan Binh.<\/div><\/div><\/figcaption><\/figure><div class=\"fg-loader\"><\/div><\/div><div class=\"fg-item fg-type-image fg-idle\"><figure class=\"fg-item-inner\"><a href=\"https:\/\/medialoha.net\/vvd\/wp-content\/uploads\/2025\/08\/famille-008.jpg\" data-caption-title=\"Lao Su Da\u00ef Viet entour\u00e9 de ses fils.\" data-caption-desc=\"Dan Minh - Dan Binh - Dan Viet - Dan Long - Dan Hung - Dan Luc.\" data-attachment-id=\"555\" data-type=\"image\" class=\"fg-thumb\"><span class=\"fg-image-wrap\"><img decoding=\"async\" title=\"Lao Su Da\u00ef Viet entour\u00e9 de ses fils.\" width=\"250\" height=\"142\" class=\"skip-lazy fg-image\" data-src-fg=\"https:\/\/medialoha.net\/vvd\/wp-content\/uploads\/cache\/2025\/08\/famille-008\/147471264.jpg\" src=\"data:image\/svg+xml,%3Csvg%20xmlns%3D%22http%3A%2F%2Fwww.w3.org%2F2000%2Fsvg%22%20width%3D%22250%22%20height%3D%22142%22%20viewBox%3D%220%200%20250%20142%22%3E%3C%2Fsvg%3E\" loading=\"eager\"><\/span><span class=\"fg-image-overlay\"><\/span><\/a><figcaption class=\"fg-caption\"><div class=\"fg-caption-inner\"><div class=\"fg-caption-title\">Lao Su Da\u00ef Viet entour\u00e9 de ses fils.<\/div><div class=\"fg-caption-desc\">Dan Minh - Dan Binh - Dan Viet - Dan Long - Dan Hung - Dan Luc.<\/div><\/div><\/figcaption><\/figure><div class=\"fg-loader\"><\/div><\/div><div class=\"fg-item fg-type-image fg-idle\"><figure class=\"fg-item-inner\"><a href=\"https:\/\/medialoha.net\/vvd\/wp-content\/uploads\/2025\/08\/famille-007.jpg\" data-caption-title=\"Ma\u00eetre Nguyen Dan Luc\" data-caption-desc=\"Technique de Fl\u00e9au - Ao\u00fbt 2003.\" data-attachment-id=\"554\" data-type=\"image\" class=\"fg-thumb\"><span class=\"fg-image-wrap\"><img decoding=\"async\" title=\"Ma\u00eetre Nguyen Dan Luc\" width=\"250\" height=\"187\" class=\"skip-lazy fg-image\" data-src-fg=\"https:\/\/medialoha.net\/vvd\/wp-content\/uploads\/cache\/2025\/08\/famille-007\/3237132080.jpg\" src=\"data:image\/svg+xml,%3Csvg%20xmlns%3D%22http%3A%2F%2Fwww.w3.org%2F2000%2Fsvg%22%20width%3D%22250%22%20height%3D%22187%22%20viewBox%3D%220%200%20250%20187%22%3E%3C%2Fsvg%3E\" loading=\"eager\"><\/span><span class=\"fg-image-overlay\"><\/span><\/a><figcaption class=\"fg-caption\"><div class=\"fg-caption-inner\"><div class=\"fg-caption-title\">Ma\u00eetre Nguyen Dan Luc<\/div><div class=\"fg-caption-desc\">Technique de Fl\u00e9au - Ao\u00fbt 2003.<\/div><\/div><\/figcaption><\/figure><div class=\"fg-loader\"><\/div><\/div><div class=\"fg-item fg-type-image fg-idle\"><figure class=\"fg-item-inner\"><a href=\"https:\/\/medialoha.net\/vvd\/wp-content\/uploads\/2025\/08\/famille-006.jpg\" data-caption-title=\"F\u00eate du t\u00eat 1975\" data-caption-desc=\"Sous l&#039;\u0153il de Lao Su Dai Viet , son \u00e9l\u00e8ve direct Mr Aguilar brise des chevrons (Noyant d&#039;Allier).\" data-attachment-id=\"525\" data-type=\"image\" class=\"fg-thumb\"><span class=\"fg-image-wrap\"><img decoding=\"async\" title=\"F\u00eate du t\u00eat 1975\" width=\"250\" height=\"321\" class=\"skip-lazy fg-image\" data-src-fg=\"https:\/\/medialoha.net\/vvd\/wp-content\/uploads\/cache\/2025\/08\/famille-006\/3510310365.jpg\" src=\"data:image\/svg+xml,%3Csvg%20xmlns%3D%22http%3A%2F%2Fwww.w3.org%2F2000%2Fsvg%22%20width%3D%22250%22%20height%3D%22321%22%20viewBox%3D%220%200%20250%20321%22%3E%3C%2Fsvg%3E\" loading=\"eager\"><\/span><span class=\"fg-image-overlay\"><\/span><\/a><figcaption class=\"fg-caption\"><div class=\"fg-caption-inner\"><div class=\"fg-caption-title\">F\u00eate du t\u00eat 1975<\/div><div class=\"fg-caption-desc\">Sous l'\u0153il de Lao Su Dai Viet , son \u00e9l\u00e8ve direct Mr Aguilar brise des chevrons (Noyant d'Allier).<\/div><\/div><\/figcaption><\/figure><div class=\"fg-loader\"><\/div><\/div><div class=\"fg-item fg-type-image fg-idle\"><figure class=\"fg-item-inner\"><a href=\"https:\/\/medialoha.net\/vvd\/wp-content\/uploads\/2025\/08\/famille-005.jpg\" data-caption-desc=\"Regards impressionn\u00e9s de Me NDH et assis au centre Mr Flor\u00e9al Banos (15\/02\/75).\" data-attachment-id=\"524\" data-type=\"image\" class=\"fg-thumb\"><span class=\"fg-image-wrap\"><img decoding=\"async\" width=\"250\" height=\"358\" class=\"skip-lazy fg-image\" data-src-fg=\"https:\/\/medialoha.net\/vvd\/wp-content\/uploads\/cache\/2025\/08\/famille-005\/1319930882.jpg\" src=\"data:image\/svg+xml,%3Csvg%20xmlns%3D%22http%3A%2F%2Fwww.w3.org%2F2000%2Fsvg%22%20width%3D%22250%22%20height%3D%22358%22%20viewBox%3D%220%200%20250%20358%22%3E%3C%2Fsvg%3E\" loading=\"eager\"><\/span><span class=\"fg-image-overlay\"><\/span><\/a><figcaption class=\"fg-caption\"><div class=\"fg-caption-inner\"><div class=\"fg-caption-desc\">Regards impressionn\u00e9s de Me NDH et assis au centre Mr Flor\u00e9al Banos (15\/02\/75).<\/div><\/div><\/figcaption><\/figure><div class=\"fg-loader\"><\/div><\/div><div class=\"fg-item fg-type-image fg-idle\"><figure class=\"fg-item-inner\"><a href=\"https:\/\/medialoha.net\/vvd\/wp-content\/uploads\/2025\/08\/famille-004.jpg\" data-caption-title=\"Maitre BUI VAN THINH\" data-caption-desc=\"Maitre BUI VAN THINH a consacr\u00e9 sa vie \u00e0 la reconnaissance des AMV, en tant que fondateur de la FFVVD en 1973.\" data-attachment-id=\"523\" data-type=\"image\" class=\"fg-thumb\"><span class=\"fg-image-wrap\"><img decoding=\"async\" title=\"Maitre BUI VAN THINH\" width=\"250\" height=\"143\" class=\"skip-lazy fg-image\" data-src-fg=\"https:\/\/medialoha.net\/vvd\/wp-content\/uploads\/cache\/2025\/08\/famille-004\/4115486248.jpg\" src=\"data:image\/svg+xml,%3Csvg%20xmlns%3D%22http%3A%2F%2Fwww.w3.org%2F2000%2Fsvg%22%20width%3D%22250%22%20height%3D%22143%22%20viewBox%3D%220%200%20250%20143%22%3E%3C%2Fsvg%3E\" loading=\"eager\"><\/span><span class=\"fg-image-overlay\"><\/span><\/a><figcaption class=\"fg-caption\"><div class=\"fg-caption-inner\"><div class=\"fg-caption-title\">Maitre BUI VAN THINH<\/div><div class=\"fg-caption-desc\">Maitre BUI VAN THINH a consacr\u00e9 sa vie \u00e0 la reconnaissance des AMV, en tant que fondateur de la FFVVD en 1973.<\/div><\/div><\/figcaption><\/figure><div class=\"fg-loader\"><\/div><\/div><div class=\"fg-item fg-type-image fg-idle\"><figure class=\"fg-item-inner\"><a href=\"https:\/\/medialoha.net\/vvd\/wp-content\/uploads\/2025\/08\/famille-003.jpg\" data-caption-title=\"Technique de BATQUA\u00cf\" data-caption-desc=\"Nguyen Dan Jeremy et Nguyen Dan Micha\u00ebl.\" data-attachment-id=\"522\" data-type=\"image\" class=\"fg-thumb\"><span class=\"fg-image-wrap\"><img decoding=\"async\" title=\"Technique de BATQUA\u00cf\" width=\"250\" height=\"134\" class=\"skip-lazy fg-image\" data-src-fg=\"https:\/\/medialoha.net\/vvd\/wp-content\/uploads\/cache\/2025\/08\/famille-003\/4002464013.jpg\" src=\"data:image\/svg+xml,%3Csvg%20xmlns%3D%22http%3A%2F%2Fwww.w3.org%2F2000%2Fsvg%22%20width%3D%22250%22%20height%3D%22134%22%20viewBox%3D%220%200%20250%20134%22%3E%3C%2Fsvg%3E\" loading=\"eager\"><\/span><span class=\"fg-image-overlay\"><\/span><\/a><figcaption class=\"fg-caption\"><div class=\"fg-caption-inner\"><div class=\"fg-caption-title\">Technique de BATQUA\u00cf<\/div><div class=\"fg-caption-desc\">Nguyen Dan Jeremy et Nguyen Dan Micha\u00ebl.<\/div><\/div><\/figcaption><\/figure><div class=\"fg-loader\"><\/div><\/div><div class=\"fg-item fg-type-image fg-idle\"><figure class=\"fg-item-inner\"><a href=\"https:\/\/medialoha.net\/vvd\/wp-content\/uploads\/2025\/08\/famille-002.jpg\" data-caption-title=\"Me Dan Hung , repr\u00e9sentant officiel du thanh long en 1974 au viet nam.\" data-attachment-id=\"521\" data-type=\"image\" class=\"fg-thumb\"><span class=\"fg-image-wrap\"><img decoding=\"async\" title=\"Me Dan Hung , repr\u00e9sentant officiel du thanh long en 1974 au viet nam.\" width=\"250\" height=\"158\" class=\"skip-lazy fg-image\" data-src-fg=\"https:\/\/medialoha.net\/vvd\/wp-content\/uploads\/cache\/2025\/08\/famille-002\/286483415.jpg\" src=\"data:image\/svg+xml,%3Csvg%20xmlns%3D%22http%3A%2F%2Fwww.w3.org%2F2000%2Fsvg%22%20width%3D%22250%22%20height%3D%22158%22%20viewBox%3D%220%200%20250%20158%22%3E%3C%2Fsvg%3E\" loading=\"eager\"><\/span><span class=\"fg-image-overlay\"><\/span><\/a><figcaption class=\"fg-caption\"><div class=\"fg-caption-inner\"><div class=\"fg-caption-title\">Me Dan Hung , repr\u00e9sentant officiel du thanh long en 1974 au viet nam.<\/div><\/div><\/figcaption><\/figure><div class=\"fg-loader\"><\/div><\/div><div class=\"fg-item fg-type-image fg-idle\"><figure class=\"fg-item-inner\"><a href=\"https:\/\/medialoha.net\/vvd\/wp-content\/uploads\/2025\/08\/famille-001.jpg\" data-caption-title=\"Lao Su Da\u00ef Viet entour\u00e9 de ses fils. Gilles - Michel - Serge - G\u00e9rard.\" data-attachment-id=\"520\" data-type=\"image\" class=\"fg-thumb\"><span class=\"fg-image-wrap\"><img decoding=\"async\" title=\"Lao Su Da\u00ef Viet entour\u00e9 de ses fils. Gilles - Michel - Serge - G\u00e9rard.\" width=\"250\" height=\"159\" class=\"skip-lazy fg-image\" data-src-fg=\"https:\/\/medialoha.net\/vvd\/wp-content\/uploads\/cache\/2025\/08\/famille-001\/2391079432.jpg\" src=\"data:image\/svg+xml,%3Csvg%20xmlns%3D%22http%3A%2F%2Fwww.w3.org%2F2000%2Fsvg%22%20width%3D%22250%22%20height%3D%22159%22%20viewBox%3D%220%200%20250%20159%22%3E%3C%2Fsvg%3E\" loading=\"eager\"><\/span><span class=\"fg-image-overlay\"><\/span><\/a><figcaption class=\"fg-caption\"><div class=\"fg-caption-inner\"><div class=\"fg-caption-title\">Lao Su Da\u00ef Viet entour\u00e9 de ses fils. Gilles - Michel - Serge - G\u00e9rard.<\/div><\/div><\/figcaption><\/figure><div class=\"fg-loader\"><\/div><\/div><\/div>\n\n\n\n<p><\/p>\n","protected":false},"excerpt":{"rendered":"<p>Retrouvez ici une s\u00e9lection de photos et documents appartenant \u00e0 la famille NGUYEN.<\/p>\n","protected":false},"author":1,"featured_media":0,"parent":0,"menu_order":0,"comment_status":"closed","ping_status":"closed","template":"","meta":{"footnotes":""},"class_list":["post-153","page","type-page","status-publish","hentry"],"blocksy_meta":{"page_structure_type":"type-4","styles_descriptor":{"styles":{"desktop":"[data-prefix=\"single_page\"] [class*=\"ct-container\"] > article[class*=\"post\"] {--has-boxed:var(--true);--has-wide:var(--false);background-color:var(--has-background, rgba(26, 26, 26, 0.03));--theme-boxed-content-border-radius:3px;--theme-boxed-content-box-shadow:0px 12px 18px -6px rgba(34, 56, 101, 0.04);}","tablet":"","mobile":""},"google_fonts":[],"version":6},"content_style_source":"custom","content_style":"boxed","content_background":{"background_type":"color","background_pattern":"type-1","background_image":{"attachment_id":null,"x":0,"y":0},"gradient":"linear-gradient(135deg,rgba(6,147,227,1) 0%,rgb(155,81,224) 100%)","background_repeat":"repeat","background_size":"auto","background_attachment":"scroll","patternColor":{"default":{"color":"#e5e7ea"}},"overlayColor":{"default":{"color":"CT_CSS_SKIP_RULE"}},"backgroundColor":{"default":{"color":"rgba(26, 26, 26, 0.03)"}}},"boxed_content_spacing":{"state":1,"values":[{"value":0,"unit":"px"},{"value":0,"unit":"px"},{"value":0,"unit":"px"},{"value":0,"unit":"px"}],"custom":""},"vertical_spacing_source":"custom","content_area_spacing":"both"},"_links":{"self":[{"href":"https:\/\/medialoha.net\/vvd\/index.php?rest_route=\/wp\/v2\/pages\/153","targetHints":{"allow":["GET"]}}],"collection":[{"href":"https:\/\/medialoha.net\/vvd\/index.php?rest_route=\/wp\/v2\/pages"}],"about":[{"href":"https:\/\/medialoha.net\/vvd\/index.php?rest_route=\/wp\/v2\/types\/page"}],"author":[{"embeddable":true,"href":"https:\/\/medialoha.net\/vvd\/index.php?rest_route=\/wp\/v2\/users\/1"}],"replies":[{"embeddable":true,"href":"https:\/\/medialoha.net\/vvd\/index.php?rest_route=%2Fwp%2Fv2%2Fcomments&post=153"}],"version-history":[{"count":7,"href":"https:\/\/medialoha.net\/vvd\/index.php?rest_route=\/wp\/v2\/pages\/153\/revisions"}],"predecessor-version":[{"id":689,"href":"https:\/\/medialoha.net\/vvd\/index.php?rest_route=\/wp\/v2\/pages\/153\/revisions\/689"}],"wp:attachment":[{"href":"https:\/\/medialoha.net\/vvd\/index.php?rest_route=%2Fwp%2Fv2%2Fmedia&parent=153"}],"curies":[{"name":"wp","href":"https:\/\/api.w.org\/{rel}","templated":true}]}}